{"id":57472,"date":"2024-05-20T16:22:25","date_gmt":"2024-05-20T19:22:25","guid":{"rendered":"https:\/\/jornadasebprioicprj.com.br\/2024\/?page_id=57472"},"modified":"2024-09-23T17:28:27","modified_gmt":"2024-09-23T20:28:27","slug":"organizacao","status":"publish","type":"page","link":"https:\/\/jornadasebprioicprj.com.br\/2024\/organizacao\/","title":{"rendered":"Organiza\u00e7\u00e3o"},"content":{"rendered":"<div class=\"wpb-content-wrapper\"><p>[vc_row][vc_column][vc_empty_space height=&#8221;80px&#8221;][vc_column_text css=&#8221;&#8221;]<strong>Coordena\u00e7\u00e3o geral<\/strong><\/p>\n<ul>\n<li>Ana Beatriz Zimmermann Guimar\u00e3es<\/li>\n<li>Isabel do R\u00eago Barros Duarte<\/li>\n<\/ul>\n<hr \/>\n<p><strong>Comiss\u00e3o cient\u00edfica<\/strong><\/p>\n<ul>\n<li>Ang\u00e9lica Bastos (coordena\u00e7\u00e3o)<\/li>\n<li>Cristina Frederico<\/li>\n<li>Maricia Ciscato<\/li>\n<li>Paula Borsoi<\/li>\n<li>Paula Legey (coordena\u00e7\u00e3o)<\/li>\n<li>Sarita Gelbert<\/li>\n<\/ul>\n<hr \/>\n<p><strong>M\u00eddia e divulga\u00e7\u00e3o<\/strong><\/p>\n<ul>\n<li>Andrea Vilanova (coordena\u00e7\u00e3o)<\/li>\n<li>Bruna Ara\u00fajo<\/li>\n<li>Caroline No\u00ebl<\/li>\n<li>Luisa Moraes<\/li>\n<li>Luiza Griman<\/li>\n<li>Natasha Berditchevsky<\/li>\n<li>Tatiane Grova (coordena\u00e7\u00e3o)<\/li>\n<\/ul>\n<hr \/>\n<p><strong>Infraestrutura<\/strong><\/p>\n<ul>\n<li>Ana Cl\u00e1udia Jord\u00e3o<\/li>\n<li>Ana Reis<\/li>\n<li>Andr\u00e9a Di Pietro<\/li>\n<li>Asp\u00e1zia Barcelos<\/li>\n<li>Elena Lerner<\/li>\n<li>Helena Torres<\/li>\n<li>Maria Corr\u00eaa de Oliveira (coordena\u00e7\u00e3o)<\/li>\n<li>Marina Sodr\u00e9<\/li>\n<li>Melissa Bottrel<\/li>\n<li>Rodrigo Abecassis<\/li>\n<li>Thereza De Felice (coordena\u00e7\u00e3o)<\/li>\n<\/ul>\n<hr \/>\n<p><strong>Boletim<\/strong><\/p>\n<ul>\n<li>Elisa Werlang<\/li>\n<li>Elsa Neves<\/li>\n<li>Felipe Viana Pinheiro<\/li>\n<li>Maria Cristina Antonio Jeronimo\u00a0(coordena\u00e7\u00e3o)<\/li>\n<li>Rodrigo Pedalini<\/li>\n<li>Ruth Helena Pinto Cohen (coordena\u00e7\u00e3o)<\/li>\n<\/ul>\n<hr \/>\n<p><strong>Livraria<\/strong><\/p>\n<ul>\n<li>Angela Bernardes (coordena\u00e7\u00e3o)<\/li>\n<li>Bruna Guaran\u00e1 (coordena\u00e7\u00e3o)<\/li>\n<li>Eduardo Gomes<\/li>\n<li>Isabela Machado<\/li>\n<li>Livia Beatriz Pereira<\/li>\n<li>Marilena Leit\u00e3o<\/li>\n<li>Mar\u00edlia Verdussen<\/li>\n<li>Teresa De Cicco<\/li>\n<\/ul>\n<hr \/>\n<p><strong>Acolhimento e festa<\/strong><\/p>\n<ul>\n<li>Camila Ventura<\/li>\n<li>Daniele Menezes (coordena\u00e7\u00e3o)<\/li>\n<li>Francisca Menta (coordena\u00e7\u00e3o)<\/li>\n<li>Mariana Pucci<\/li>\n<li>Marina Gomara<\/li>\n<li>Paloma Ametlla Guimar\u00e3es<\/li>\n<\/ul>\n<hr \/>\n<p><strong>Secretaria e tesouraria<\/strong><\/p>\n<ul>\n<li>Adriana de la Pe\u00f1a<\/li>\n<li>Anna Luiza Almeida (coordena\u00e7\u00e3o)<\/li>\n<li>Camila Drubsky<\/li>\n<li>Geisa Assis<\/li>\n<li>Louren\u00e7o Ast\u00faa<\/li>\n<li>Patricia Guimaraes<\/li>\n<li>Renata Martinez (coordena\u00e7\u00e3o)<\/li>\n<\/ul>\n<p>[\/vc_column_text][\/vc_column][\/vc_row]<\/p>\n<\/div>","protected":false},"excerpt":{"rendered":"<p>[vc_row][vc_column][vc_empty_space height=&#8221;80px&#8221;][vc_column_text css=&#8221;&#8221;]Coordena\u00e7\u00e3o geral Ana Beatriz Zimmermann Guimar\u00e3es Isabel do R\u00eago Barros Duarte Comiss\u00e3o cient\u00edfica Ang\u00e9lica Bastos (coordena\u00e7\u00e3o) Cristina Frederico Maricia Ciscato Paula Borsoi Paula Legey (coordena\u00e7\u00e3o) Sarita Gelbert M\u00eddia e divulga\u00e7\u00e3o Andrea Vilanova (coordena\u00e7\u00e3o) Bruna Ara\u00fajo Caroline No\u00ebl Luisa Moraes Luiza Griman Natasha Berditchevsky Tatiane Grova (coordena\u00e7\u00e3o) Infraestrutura Ana Cl\u00e1udia Jord\u00e3o Ana Reis Andr\u00e9a&hellip;<\/p>\n","protected":false},"author":1,"featured_media":0,"parent":0,"menu_order":10,"comment_status":"closed","ping_status":"closed","template":"","meta":{"footnotes":""},"class_list":["post-57472","page","type-page","status-publish","hentry","description-off"],"_links":{"self":[{"href":"https:\/\/jornadasebprioicprj.com.br\/2024\/wp-json\/wp\/v2\/pages\/57472","targetHints":{"allow":["GET"]}}],"collection":[{"href":"https:\/\/jornadasebprioicprj.com.br\/2024\/wp-json\/wp\/v2\/pages"}],"about":[{"href":"https:\/\/jornadasebprioicprj.com.br\/2024\/wp-json\/wp\/v2\/types\/page"}],"author":[{"embeddable":true,"href":"https:\/\/jornadasebprioicprj.com.br\/2024\/wp-json\/wp\/v2\/users\/1"}],"replies":[{"embeddable":true,"href":"https:\/\/jornadasebprioicprj.com.br\/2024\/wp-json\/wp\/v2\/comments?post=57472"}],"version-history":[{"count":8,"href":"https:\/\/jornadasebprioicprj.com.br\/2024\/wp-json\/wp\/v2\/pages\/57472\/revisions"}],"predecessor-version":[{"id":57879,"href":"https:\/\/jornadasebprioicprj.com.br\/2024\/wp-json\/wp\/v2\/pages\/57472\/revisions\/57879"}],"wp:attachment":[{"href":"https:\/\/jornadasebprioicprj.com.br\/2024\/wp-json\/wp\/v2\/media?parent=57472"}],"curies":[{"name":"wp","href":"https:\/\/api.w.org\/{rel}","templated":true}]}}