{"id":890,"date":"2021-11-23T15:58:58","date_gmt":"2021-11-23T18:58:58","guid":{"rendered":"https:\/\/jornadasebprioicprj.com.br\/2021\/?page_id=890"},"modified":"2021-11-23T15:58:58","modified_gmt":"2021-11-23T18:58:58","slug":"boletim-gps-16","status":"publish","type":"page","link":"https:\/\/jornadasebprioicprj.com.br\/2021\/boletim-gps\/boletim-gps-16\/","title":{"rendered":"Boletim .gps #16"},"content":{"rendered":"[vc_row row_type=&#8221;main-section&#8221; wr_background_img=&#8221;40&#8243;][vc_column][vc_single_image image=&#8221;613&#8243; img_size=&#8221;full&#8221; alignment=&#8221;right&#8221;][\/vc_column][\/vc_row][vc_row][vc_column][vc_empty_space height=&#8221;50px&#8221;][vc_column_text]<span style=\"font-family: american-type; font-size: 36pt;\">Boletim#16<\/span>[\/vc_column_text][vc_empty_space height=&#8221;50px&#8221;][vc_column_text]\n<h3>EDITORIAL<\/h3>\n<h6><em>Por Melissa Bottrel<\/em><\/h6>\n<p>Estamos bem pr\u00f3ximos das nossas XXVIII Jornadas Cl\u00ednicas da EBP-Rio e ICP-RJ e animados, j\u00e1 que nelas poderemos tocar em quest\u00f5es t\u00e3o caras que nos fizeram trabalhar durante todo este ano.<\/p>\n<p>Neste boletim, Romildo do R\u00eago Barros, em v\u00eddeo, traz de maneira precisa a importante no\u00e7\u00e3o que tem sido trabalhada de diversos modos em nossos boletins e preparat\u00f3rias: \u201cO nome surge a partir do imposs\u00edvel de se dizer, revelando que \u00e9 preciso consentir com o furo, para que as inven\u00e7\u00f5es emerjam.\u201d<\/p>\n<p>Logo em seguida, Paola Corn\u00fa traz em seu texto um conjunto de reflex\u00f5es importantes sobre o lugar da psican\u00e1lise e do analista, a rela\u00e7\u00e3o com as inven\u00e7\u00f5es a partir das artes e tamb\u00e9m no trabalho de an\u00e1lise; reflex\u00f5es essas que esperamos continuar costurando no pr\u00f3ximo final de semana.<\/p>\n<p>E, fechando este boletim, temos duas obras de nossa colega Mirta Fernandes, psicanalista e artista, que convidam a pensar na rela\u00e7\u00e3o da vida e do nascimento, dialogando com o que \u00e9 tamb\u00e9m uma inven\u00e7\u00e3o que anda lado a lado com os imposs\u00edveis do real.<\/p>\n<p>At\u00e9 breve![\/vc_column_text][vc_single_image image=&#8221;892&#8243; img_size=&#8221;400&#215;238&#8243; alignment=&#8221;center&#8221; onclick=&#8221;custom_link&#8221; link=&#8221;http:\/\/https:\/\/youtu.be\/9WwsiLkpkI8&#8243;][vc_empty_space height=&#8221;50px&#8221;][vc_separator][vc_empty_space height=&#8221;50px&#8221;][vc_column_text]\n<h6>Por <em>Paola Corn\u00fa<\/em> &#8211; AE\/NEL\/AMP<\/h6>\n<p>O v\u00edrus Covid-19 \u00e9 um real que irrompeu de forma avassaladora em n\u00edvel mundial em um todo Pandemia, produzindo um furo que margeamos e no qual \u201cn\u00e3o h\u00e1 <em>A garantia<\/em>.\u201d<\/p>\n<p>Nesse sentido, o isolamento- confinamento -quarentena, assim como, prescindir do corpo nas diferentes situa\u00e7\u00f5es e atividades habituais da vida, como a modalidade de restri\u00e7\u00e3o do la\u00e7o no distanciamento social, trouxeram efeitos que ainda n\u00e3o conseguimos calcular.<\/p>\n<p>Embora, enquanto psicanalistas saibamos que a aten\u00e7\u00e3o telem\u00e1tica introduz uma perda, fomos encontrando um certo tratamento e um saber fazer, atrav\u00e9s dos trabalhos nas Escolas, uma a uma, desde o pol\u00edtico, \u00e9tico, cl\u00ednico e epist\u00eamico, diante da continuidade-descontinuidade , orientados pelo real e pela \u00e9tica do sintoma singular, perante a ang\u00fastia e a incerteza que aparece nos sujeitos. Seguindo Miller, \u201cUm-corpo \u00e9 o que o ser humano tem que trazer \u00e0 an\u00e1lise. Depois de tudo, se a palavra fosse a \u00fanica implica\u00e7\u00e3o na an\u00e1lise, n\u00e3o se entenderia por que o telefone ou a internet n\u00e3o s\u00e3o meios adequados. A experi\u00eancia anal\u00edtica imp\u00f5e dar ao corpo uma fun\u00e7\u00e3o mais elevada que aquela que lhe atribu\u00eda a psican\u00e1lise pensada a partir da categoria do simb\u00f3lico.\u201d<a href=\"#_ftn1\" name=\"_ftnref1\">[1]<\/a><\/p>\n<p>As XXVIII Jornadas Cl\u00ednicas da EBP-Rio e ICP-RJ permitir\u00e3o fazer uma leitura do cl\u00ednico, do pol\u00edtico e dos aspectos epist\u00eamicos, possibilitando localizar quais s\u00e3o as orienta\u00e7\u00f5es que foram tomadas e, assim, formaliz\u00e1-las ou bem escut\u00e1-las e trabalhar.<\/p>\n<p>Ser\u00e3o sem d\u00favida umas Jornadas fecundas que permitir\u00e3o encaminhar as respostas n\u00e3o-todas \u00e0s perguntas: \u201cQual \u00e9 o lugar da psican\u00e1lise e da forma\u00e7\u00e3o de analistas em tempos on-line? Como ocorrem as emerg\u00eancias do real e seu v\u00e9u na vida virtual? Qual \u00e9 o papel das artes durante a pandemia e quais artif\u00edcios se utiliza cada uma delas para atravessar este per\u00edodo?\u201d, como tamb\u00e9m a pergunta pela presen\u00e7a da an\u00e1lise na dire\u00e7\u00e3o da cura na orienta\u00e7\u00e3o lacaniana, hoje, momento crucial para estar \u00e0 altura da subjetividade da \u00e9poca.\u201d<a href=\"#_ftn2\" name=\"_ftnref2\">[2]<\/a><\/p>\n<p>At\u00e9 breve&#8230;.<\/p>\n<h6>Tradu\u00e7\u00e3o: <em>Maria Silvia Garcia Fernandez Hanna<\/em> &#8211; EBP\/AMP<\/h6>\n<h6>Revis\u00e3o:<em> Marina Sodr\u00e9 e Rodrigo Abecassis<\/em><\/h6>\n<h6><a href=\"#_ftnref1\" name=\"_ftn1\">[1]<\/a> \u00a0\u00a0Miller, Jacques Alain., Seminario \u201cEl ultim\u00edsimo Lacan\u201d.\u00a0 Paid\u00f3s, Buenos Aires, 2012, p.108.<\/h6>\n<h6><a href=\"#_ftnref2\" name=\"_ftn2\">[2]<\/a> <a href=\"https:\/\/jornadasebprioicprj.com.br\/2021\/argumento\/\">https:\/\/jornadasebprioicprj.com.br\/2021\/argumento\/<\/a><\/h6>\n[\/vc_column_text][vc_empty_space height=&#8221;50px&#8221;][vc_single_image image=&#8221;891&#8243; img_size=&#8221;400&#215;323&#8243; add_caption=&#8221;yes&#8221; alignment=&#8221;center&#8221; onclick=&#8221;custom_link&#8221; link=&#8221;http:\/\/https:\/\/youtu.be\/9WwsiLkpkI8&#8243;][vc_empty_space height=&#8221;50px&#8221;][vc_separator][vc_empty_space height=&#8221;50px&#8221;][vc_single_image image=&#8221;893&#8243; img_size=&#8221;400&#215;303&#8243; add_caption=&#8221;yes&#8221; alignment=&#8221;center&#8221; onclick=&#8221;custom_link&#8221; link=&#8221;http:\/\/https:\/\/youtu.be\/9WwsiLkpkI8&#8243;][vc_empty_space height=&#8221;50px&#8221;][vc_column_text]\n<p style=\"text-align: center;\"><span style=\"color: #ff0000;\"><strong>Hoje \u00e9 o \u00faltimo dia para fazer a inscri\u00e7\u00e3o nas XXVIII Jornadas Cl\u00ednicas!<br \/>\n<\/strong><strong>Inscreva-se aqui: <a style=\"color: #ff0000;\" href=\"https:\/\/jornadasebprioicprj.com.br\/2021\/inscricoes\/\">https:\/\/jornadasebprioicprj.com.br\/2021\/inscricoes\/<\/a><\/strong><\/span><\/p>\n[\/vc_column_text][vc_empty_space height=&#8221;50px&#8221;][vc_separator][vc_empty_space height=&#8221;50px&#8221;][vc_column_text]\n<ul>\n<li><span style=\"font-size: 12pt;\">Para acessar as ementas dos cursos do ICP-RJ clique neste link: <a href=\"https:\/\/jornadasebprioicprj.com.br\/2021\/cursos-do-icp\"><u>https:\/\/jornadasebprioicprj.com.br\/2021\/cursos-do-icp<\/u><\/a><\/span><\/li>\n<li><span style=\"font-size: 12pt;\">Veja e ou\u00e7a a grava\u00e7\u00e3o da primeira preparat\u00f3ria das Jornadas clicando neste link:<a href=\"https:\/\/youtu.be\/kjjmjfve6j0\"> <u>https:\/\/youtu.be\/kjjmjfve6j0<\/u><\/a><\/span><\/li>\n<li><span style=\"font-size: 12pt;\">Veja o site das Jornadas clicando neste link: <a href=\"https:\/\/jornadasebprioicprj.com.br\/2021\/\">https:\/\/jornadasebprioicprj.com.br\/2021\/<\/a><\/span><\/li>\n<li><span style=\"font-size: 12pt;\">Inscreva-se nas Jornadas aqui: <a href=\"https:\/\/jornadasebprioicprj.com.br\/2021\/inscricoes\/\">https:\/\/jornadasebprioicprj.com.br\/2021\/inscricoes\/<\/a><\/span><\/li>\n<li><span style=\"font-size: 12pt;\">Ou\u00e7a a podcast das Jornadas clicando neste link: <a href=\"http:\/\/shorturl.at\/bisKZ\">shorturl.at\/bisKZ<\/a><\/span><\/li>\n<li><span style=\"font-size: 12pt;\">Ou\u00e7a a playlist das Jornadas clicando neste link: <a href=\"http:\/\/www.shorturl.at\/bhyG8\">shorturl.at\/bhyG8<\/a><\/span><\/li>\n<li><span style=\"font-size: 12pt;\">Acesse o perfil das Jornadas no Instagram neste link: <a href=\"https:\/\/www.instagram.com\/jornadasebprioicprj\/\">https:\/\/www.instagram.com\/jornadasebprioicprj\/<\/a><\/span><\/li>\n<\/ul>\n[\/vc_column_text][vc_empty_space height=&#8221;50px&#8221;][\/vc_column][\/vc_row]\n","protected":false},"excerpt":{"rendered":"<p>[vc_row row_type=&#8221;main-section&#8221; wr_background_img=&#8221;40&#8243;][vc_column][vc_single_image image=&#8221;613&#8243; img_size=&#8221;full&#8221; alignment=&#8221;right&#8221;][\/vc_column][\/vc_row][vc_row][vc_column][vc_empty_space height=&#8221;50px&#8221;][vc_column_text]Boletim#16[\/vc_column_text][vc_empty_space height=&#8221;50px&#8221;][vc_column_text] EDITORIAL Por Melissa Bottrel Estamos bem pr\u00f3ximos das nossas XXVIII Jornadas Cl\u00ednicas da EBP-Rio e ICP-RJ e animados, j\u00e1 que nelas poderemos tocar em quest\u00f5es t\u00e3o caras que nos fizeram trabalhar durante todo este ano. Neste boletim, Romildo do R\u00eago Barros, em v\u00eddeo, traz de maneira precisa [&hellip;]<\/p>\n","protected":false},"author":1,"featured_media":0,"parent":11,"menu_order":0,"comment_status":"closed","ping_status":"closed","template":"","meta":{"footnotes":""},"class_list":["post-890","page","type-page","status-publish","hentry"],"yoast_head":"<!-- This site is optimized with the Yoast SEO plugin v27.5 - https:\/\/yoast.com\/product\/yoast-seo-wordpress\/ -->\n<title>Boletim .gps #16 - Jornadas EBP RIO e ICPRJ<\/title>\n<meta name=\"robots\" content=\"index, follow, max-snippet:-1, max-image-preview:large, max-video-preview:-1\" \/>\n<link rel=\"canonical\" href=\"https:\/\/jornadasebprioicprj.com.br\/2021\/boletim-gps\/boletim-gps-16\/\" \/>\n<meta property=\"og:locale\" content=\"pt_BR\" \/>\n<meta property=\"og:type\" content=\"article\" \/>\n<meta property=\"og:title\" content=\"Boletim .gps #16 - Jornadas EBP RIO e ICPRJ\" \/>\n<meta property=\"og:description\" content=\"[vc_row row_type=&#8221;main-section&#8221; wr_background_img=&#8221;40&#8243;][vc_column][vc_single_image image=&#8221;613&#8243; img_size=&#8221;full&#8221; alignment=&#8221;right&#8221;][\/vc_column][\/vc_row][vc_row][vc_column][vc_empty_space height=&#8221;50px&#8221;][vc_column_text]Boletim#16[\/vc_column_text][vc_empty_space height=&#8221;50px&#8221;][vc_column_text] EDITORIAL Por Melissa Bottrel Estamos bem pr\u00f3ximos das nossas XXVIII Jornadas Cl\u00ednicas da EBP-Rio e ICP-RJ e animados, j\u00e1 que nelas poderemos tocar em quest\u00f5es t\u00e3o caras que nos fizeram trabalhar durante todo este ano. Neste boletim, Romildo do R\u00eago Barros, em v\u00eddeo, traz de maneira precisa [&hellip;]\" \/>\n<meta property=\"og:url\" content=\"https:\/\/jornadasebprioicprj.com.br\/2021\/boletim-gps\/boletim-gps-16\/\" \/>\n<meta property=\"og:site_name\" content=\"Jornadas EBP RIO e ICPRJ\" \/>\n<meta name=\"twitter:card\" content=\"summary_large_image\" \/>\n<meta name=\"twitter:label1\" content=\"Est. tempo de leitura\" \/>\n\t<meta name=\"twitter:data1\" content=\"3 minutos\" \/>\n<script type=\"application\/ld+json\" class=\"yoast-schema-graph\">{\"@context\":\"https:\\\/\\\/schema.org\",\"@graph\":[{\"@type\":\"WebPage\",\"@id\":\"https:\\\/\\\/jornadasebprioicprj.com.br\\\/2021\\\/boletim-gps\\\/boletim-gps-16\\\/\",\"url\":\"https:\\\/\\\/jornadasebprioicprj.com.br\\\/2021\\\/boletim-gps\\\/boletim-gps-16\\\/\",\"name\":\"Boletim .gps #16 - Jornadas EBP RIO e ICPRJ\",\"isPartOf\":{\"@id\":\"https:\\\/\\\/jornadasebprioicprj.com.br\\\/2021\\\/#website\"},\"datePublished\":\"2021-11-23T18:58:58+00:00\",\"breadcrumb\":{\"@id\":\"https:\\\/\\\/jornadasebprioicprj.com.br\\\/2021\\\/boletim-gps\\\/boletim-gps-16\\\/#breadcrumb\"},\"inLanguage\":\"pt-BR\",\"potentialAction\":[{\"@type\":\"ReadAction\",\"target\":[\"https:\\\/\\\/jornadasebprioicprj.com.br\\\/2021\\\/boletim-gps\\\/boletim-gps-16\\\/\"]}]},{\"@type\":\"BreadcrumbList\",\"@id\":\"https:\\\/\\\/jornadasebprioicprj.com.br\\\/2021\\\/boletim-gps\\\/boletim-gps-16\\\/#breadcrumb\",\"itemListElement\":[{\"@type\":\"ListItem\",\"position\":1,\"name\":\"In\u00edcio\",\"item\":\"https:\\\/\\\/jornadasebprioicprj.com.br\\\/2021\\\/\"},{\"@type\":\"ListItem\",\"position\":2,\"name\":\"Boletim .gps\",\"item\":\"https:\\\/\\\/jornadasebprioicprj.com.br\\\/2021\\\/boletim-gps\\\/\"},{\"@type\":\"ListItem\",\"position\":3,\"name\":\"Boletim .gps #16\"}]},{\"@type\":\"WebSite\",\"@id\":\"https:\\\/\\\/jornadasebprioicprj.com.br\\\/2021\\\/#website\",\"url\":\"https:\\\/\\\/jornadasebprioicprj.com.br\\\/2021\\\/\",\"name\":\"Jornadas EBP RIO e ICPRJ\",\"description\":\"Escola Brasileira de Psican\u00e1lise\",\"potentialAction\":[{\"@type\":\"SearchAction\",\"target\":{\"@type\":\"EntryPoint\",\"urlTemplate\":\"https:\\\/\\\/jornadasebprioicprj.com.br\\\/2021\\\/?s={search_term_string}\"},\"query-input\":{\"@type\":\"PropertyValueSpecification\",\"valueRequired\":true,\"valueName\":\"search_term_string\"}}],\"inLanguage\":\"pt-BR\"}]}<\/script>\n<!-- \/ Yoast SEO plugin. -->","yoast_head_json":{"title":"Boletim .gps #16 - Jornadas EBP RIO e ICPRJ","robots":{"index":"index","follow":"follow","max-snippet":"max-snippet:-1","max-image-preview":"max-image-preview:large","max-video-preview":"max-video-preview:-1"},"canonical":"https:\/\/jornadasebprioicprj.com.br\/2021\/boletim-gps\/boletim-gps-16\/","og_locale":"pt_BR","og_type":"article","og_title":"Boletim .gps #16 - Jornadas EBP RIO e ICPRJ","og_description":"[vc_row row_type=&#8221;main-section&#8221; wr_background_img=&#8221;40&#8243;][vc_column][vc_single_image image=&#8221;613&#8243; img_size=&#8221;full&#8221; alignment=&#8221;right&#8221;][\/vc_column][\/vc_row][vc_row][vc_column][vc_empty_space height=&#8221;50px&#8221;][vc_column_text]Boletim#16[\/vc_column_text][vc_empty_space height=&#8221;50px&#8221;][vc_column_text] EDITORIAL Por Melissa Bottrel Estamos bem pr\u00f3ximos das nossas XXVIII Jornadas Cl\u00ednicas da EBP-Rio e ICP-RJ e animados, j\u00e1 que nelas poderemos tocar em quest\u00f5es t\u00e3o caras que nos fizeram trabalhar durante todo este ano. Neste boletim, Romildo do R\u00eago Barros, em v\u00eddeo, traz de maneira precisa [&hellip;]","og_url":"https:\/\/jornadasebprioicprj.com.br\/2021\/boletim-gps\/boletim-gps-16\/","og_site_name":"Jornadas EBP RIO e ICPRJ","twitter_card":"summary_large_image","twitter_misc":{"Est. tempo de leitura":"3 minutos"},"schema":{"@context":"https:\/\/schema.org","@graph":[{"@type":"WebPage","@id":"https:\/\/jornadasebprioicprj.com.br\/2021\/boletim-gps\/boletim-gps-16\/","url":"https:\/\/jornadasebprioicprj.com.br\/2021\/boletim-gps\/boletim-gps-16\/","name":"Boletim .gps #16 - Jornadas EBP RIO e ICPRJ","isPartOf":{"@id":"https:\/\/jornadasebprioicprj.com.br\/2021\/#website"},"datePublished":"2021-11-23T18:58:58+00:00","breadcrumb":{"@id":"https:\/\/jornadasebprioicprj.com.br\/2021\/boletim-gps\/boletim-gps-16\/#breadcrumb"},"inLanguage":"pt-BR","potentialAction":[{"@type":"ReadAction","target":["https:\/\/jornadasebprioicprj.com.br\/2021\/boletim-gps\/boletim-gps-16\/"]}]},{"@type":"BreadcrumbList","@id":"https:\/\/jornadasebprioicprj.com.br\/2021\/boletim-gps\/boletim-gps-16\/#breadcrumb","itemListElement":[{"@type":"ListItem","position":1,"name":"In\u00edcio","item":"https:\/\/jornadasebprioicprj.com.br\/2021\/"},{"@type":"ListItem","position":2,"name":"Boletim .gps","item":"https:\/\/jornadasebprioicprj.com.br\/2021\/boletim-gps\/"},{"@type":"ListItem","position":3,"name":"Boletim .gps #16"}]},{"@type":"WebSite","@id":"https:\/\/jornadasebprioicprj.com.br\/2021\/#website","url":"https:\/\/jornadasebprioicprj.com.br\/2021\/","name":"Jornadas EBP RIO e ICPRJ","description":"Escola Brasileira de Psican\u00e1lise","potentialAction":[{"@type":"SearchAction","target":{"@type":"EntryPoint","urlTemplate":"https:\/\/jornadasebprioicprj.com.br\/2021\/?s={search_term_string}"},"query-input":{"@type":"PropertyValueSpecification","valueRequired":true,"valueName":"search_term_string"}}],"inLanguage":"pt-BR"}]}},"_links":{"self":[{"href":"https:\/\/jornadasebprioicprj.com.br\/2021\/wp-json\/wp\/v2\/pages\/890","targetHints":{"allow":["GET"]}}],"collection":[{"href":"https:\/\/jornadasebprioicprj.com.br\/2021\/wp-json\/wp\/v2\/pages"}],"about":[{"href":"https:\/\/jornadasebprioicprj.com.br\/2021\/wp-json\/wp\/v2\/types\/page"}],"author":[{"embeddable":true,"href":"https:\/\/jornadasebprioicprj.com.br\/2021\/wp-json\/wp\/v2\/users\/1"}],"replies":[{"embeddable":true,"href":"https:\/\/jornadasebprioicprj.com.br\/2021\/wp-json\/wp\/v2\/comments?post=890"}],"version-history":[{"count":1,"href":"https:\/\/jornadasebprioicprj.com.br\/2021\/wp-json\/wp\/v2\/pages\/890\/revisions"}],"predecessor-version":[{"id":894,"href":"https:\/\/jornadasebprioicprj.com.br\/2021\/wp-json\/wp\/v2\/pages\/890\/revisions\/894"}],"up":[{"embeddable":true,"href":"https:\/\/jornadasebprioicprj.com.br\/2021\/wp-json\/wp\/v2\/pages\/11"}],"wp:attachment":[{"href":"https:\/\/jornadasebprioicprj.com.br\/2021\/wp-json\/wp\/v2\/media?parent=890"}],"curies":[{"name":"wp","href":"https:\/\/api.w.org\/{rel}","templated":true}]}}