{"id":841,"date":"2021-11-11T07:15:56","date_gmt":"2021-11-11T10:15:56","guid":{"rendered":"https:\/\/jornadasebprioicprj.com.br\/2021\/?page_id=841"},"modified":"2021-11-11T08:49:29","modified_gmt":"2021-11-11T11:49:29","slug":"boletim-gps-14","status":"publish","type":"page","link":"https:\/\/jornadasebprioicprj.com.br\/2021\/boletim-gps\/boletim-gps-14\/","title":{"rendered":"Boletim .gps #14"},"content":{"rendered":"[vc_row row_type=&#8221;main-section&#8221; wr_background_img=&#8221;40&#8243;][vc_column][vc_single_image image=&#8221;613&#8243; img_size=&#8221;full&#8221; alignment=&#8221;right&#8221;][\/vc_column][\/vc_row][vc_row][vc_column][vc_empty_space height=&#8221;50px&#8221;][vc_column_text]<span style=\"font-family: american-type; font-size: 36pt;\">Boletim#14<\/span>[\/vc_column_text][vc_empty_space height=&#8221;50px&#8221;][vc_single_image image=&#8221;842&#8243; img_size=&#8221;182&#215;300&#8243; add_caption=&#8221;yes&#8221; alignment=&#8221;center&#8221;][vc_empty_space height=&#8221;50px&#8221;][vc_column_text]\n<h3><strong>Boletim .gps<\/strong><\/h3>\n<h6><em>Por Ruth Helena P. Cohen <\/em><\/h6>\n<blockquote><p><em>\u201cSair da caixinha, na verdade, \u00e9 porque a caixinha se desmanchou. N\u00f3s estamos todos nus.\u00a0Talvez aquele espelho que os europeus trouxeram pra trocar com a gente na praia tenha se invertido e agora eles est\u00e3o vendo a sua pr\u00f3pria cara, a cara do engano\u201d<a href=\"#_edn1\" name=\"_ednref1\"><strong>[i]<\/strong><\/a><\/em><\/p><\/blockquote>\n<p>Este boletim \u00e9 dedicado ao nosso convidado Ailton Krenak, l\u00edder ind\u00edgena, escritor e ambientalista, que vive na regi\u00e3o do m\u00e9dio Rio Doce, em Minas Gerais. Trata-se de um bravo guerreiro, que no dom\u00ednio pol\u00edtico despontou fazendo valer sua palavra no cen\u00e1rio nacional e internacional. Participou, dentre outros momentos hist\u00f3ricos, da funda\u00e7\u00e3o da Uni\u00e3o das Na\u00e7\u00f5es Ind\u00edgenas e da Constitui\u00e7\u00e3o Brasileira de 1988, na qual promoveu a aprova\u00e7\u00e3o da emenda constitucional que garantiria direitos aos povos origin\u00e1rios. [<a href=\"https:\/\/jornadasebprioicprj.com.br\/2021\/boletim__gps\/\">Leia +<\/a>][\/vc_column_text][vc_empty_space height=&#8221;50px&#8221;][vc_single_image image=&#8221;846&#8243; img_size=&#8221;411&#215;245&#8243; add_caption=&#8221;yes&#8221; alignment=&#8221;center&#8221; onclick=&#8221;custom_link&#8221; link=&#8221;https:\/\/youtu.be\/CmcLihBACco&#8221;][vc_empty_space height=&#8221;50px&#8221;][vc_column_text]\n<h3><strong>Homenagem a Jaider Esbell<\/strong><\/h3>\n<h6><em>Por Cristina Duba<\/em><\/h6>\n<p>A este ponto das not\u00edcias, n\u00e3o tenho ideia de que morreu o artista ind\u00edgena Jaider Esbell, mas tenho certeza de que sua morte n\u00e3o s\u00f3 o tornou mais vis\u00edvel como fez sua obra, que inclui suas palavras a esta altura, reverberar no mundo. Mais uma prova radical e indesej\u00e1vel de que arte e vida se entrela\u00e7am de tal maneira que encontrar a morte, inesperada e, nesse momento, mais do que nunca tr\u00e1gica, \u00e9 o risco permanente da arte que se faz nas bordas do presente, nesse estado latejante de guerra que vivemos. Ind\u00edgenas convivem com sua morte de causas nada naturais h\u00e1 mais de 500 anos, est\u00e3o em guerra h\u00e1 tanto tempo que esta guerra j\u00e1 se confunde com a vida. Parodiando Miller, \u201cnada \u00e9 mais humano que a guerra\u201d. Temos ent\u00e3o raz\u00f5es para supor que \u00e9 muito mais perigoso \u201csustentar o c\u00e9u\u201d nesses nossos tempos: a arte e o corpo do artista nos testemunham que essa aventura \u00e9 radical, que os riscos da floresta se emba\u00e7am diante dessa vol\u00fapia de morte contempor\u00e2nea. Da\u00ed que morrer, involuntariamente ou n\u00e3o, talvez possa ser o rastro e o gesto que possamos recolher nessa guerra turva e disseminada de nossos dias, talvez tenha que ser abra\u00e7ado como a continuidade de uma luta ampla e mi\u00fada, tr\u00e1gica ou alegre, pela vida.[\/vc_column_text][vc_empty_space height=&#8221;50px&#8221;][vc_single_image image=&#8221;848&#8243; img_size=&#8221;200&#215;200&#8243; add_caption=&#8221;yes&#8221; alignment=&#8221;center&#8221; onclick=&#8221;custom_link&#8221; link=&#8221;https:\/\/youtu.be\/CmcLihBACco&#8221;][vc_column_text]\n<h6 style=\"text-align: center;\">Imagem de Jaider Esbell ( 2021), remo pintado em homenagem \u00e0 vida, cedida por Matilde dos Santos, curadora e cr\u00edtica de arte que vive e trabalha em Fort de France &#8211; Martinica<\/h6>\n[\/vc_column_text][vc_empty_space height=&#8221;50px&#8221;][vc_separator][vc_empty_space height=&#8221;50px&#8221;][vc_column_text]\n<p style=\"text-align: center;\"><span style=\"color: #ff0000;\"><strong>ATEN\u00c7\u00c3O: Dia 23\/11 \u00e9 a data limite para as inscri\u00e7\u00f5es das XXVIII Jornadas Cl\u00ednicas!<br \/>\n<\/strong><strong>Inscreva-se aqui: <a style=\"color: #ff0000;\" href=\"https:\/\/jornadasebprioicprj.com.br\/2021\/inscricoes\/\">https:\/\/jornadasebprioicprj.com.br\/2021\/inscricoes\/<\/a><\/strong><\/span><\/p>\n[\/vc_column_text][vc_empty_space height=&#8221;50px&#8221;][vc_separator][vc_empty_space height=&#8221;50px&#8221;][vc_column_text]\n<ul>\n<li>\n<h6>Para acessar as ementas dos cursos do ICP-RJ clique neste link: <a href=\"https:\/\/jornadasebprioicprj.com.br\/2021\/cursos-do-icp\"><u>https:\/\/jornadasebprioicprj.com.br\/2021\/cursos-do-icp<\/u><\/a><\/h6>\n<\/li>\n<li>\n<h6>Veja e ou\u00e7a a grava\u00e7\u00e3o da primeira preparat\u00f3ria das Jornadas clicando neste link: <a href=\"https:\/\/youtu.be\/kjjmjfve6j0\"><u>https:\/\/youtu.be\/kjjmjfve6j0<\/u><\/a><\/h6>\n<\/li>\n<li>\n<h6>Veja o site das Jornadas clicando neste link: <a href=\"https:\/\/jornadasebprioicprj.com.br\/2021\/\">https:\/\/jornadasebprioicprj.com.br\/2021\/<\/a><\/h6>\n<\/li>\n<li>\n<h6>Inscreva-se nas Jornadas aqui: <a href=\"https:\/\/jornadasebprioicprj.com.br\/2021\/inscricoes\/\">https:\/\/jornadasebprioicprj.com.br\/2021\/inscricoes\/<\/a><\/h6>\n<\/li>\n<li>\n<h6>Ou\u00e7a a podcast das Jornadas clicando neste link: <a href=\"http:\/\/shorturl.at\/bisKZ\">shorturl.at\/bisKZ<\/a><\/h6>\n<\/li>\n<li>\n<h6>Ou\u00e7a a playlist das Jornadas clicando neste link: <a href=\"http:\/\/www.shorturl.at\/bhyG8\">shorturl.at\/bhyG8<\/a><\/h6>\n<\/li>\n<li>\n<h6>Acesse o perfil das Jornadas no Instagram neste link: <a href=\"https:\/\/www.instagram.com\/jornadasebprioicprj\/\">https:\/\/www.instagram.com\/jornadasebprioicprj\/<\/a><\/h6>\n<\/li>\n<li><\/li>\n<\/ul>\n[\/vc_column_text][vc_empty_space height=&#8221;50px&#8221;][\/vc_column][\/vc_row]\n","protected":false},"excerpt":{"rendered":"<p>[vc_row row_type=&#8221;main-section&#8221; wr_background_img=&#8221;40&#8243;][vc_column][vc_single_image image=&#8221;613&#8243; img_size=&#8221;full&#8221; alignment=&#8221;right&#8221;][\/vc_column][\/vc_row][vc_row][vc_column][vc_empty_space height=&#8221;50px&#8221;][vc_column_text]Boletim#14[\/vc_column_text][vc_empty_space height=&#8221;50px&#8221;][vc_single_image image=&#8221;842&#8243; img_size=&#8221;182&#215;300&#8243; add_caption=&#8221;yes&#8221; alignment=&#8221;center&#8221;][vc_empty_space height=&#8221;50px&#8221;][vc_column_text] Boletim .gps Por Ruth Helena P. Cohen \u201cSair da caixinha, na verdade, \u00e9 porque a caixinha se desmanchou. N\u00f3s estamos todos nus.\u00a0Talvez aquele espelho que os europeus trouxeram pra trocar com a gente na praia tenha se invertido e agora eles est\u00e3o [&hellip;]<\/p>\n","protected":false},"author":1,"featured_media":0,"parent":11,"menu_order":0,"comment_status":"closed","ping_status":"closed","template":"","meta":{"footnotes":""},"class_list":["post-841","page","type-page","status-publish","hentry"],"yoast_head":"<!-- This site is optimized with the Yoast SEO plugin v27.5 - https:\/\/yoast.com\/product\/yoast-seo-wordpress\/ -->\n<title>Boletim .gps #14 - Jornadas EBP RIO e ICPRJ<\/title>\n<meta name=\"robots\" content=\"index, follow, max-snippet:-1, max-image-preview:large, max-video-preview:-1\" \/>\n<link rel=\"canonical\" href=\"https:\/\/jornadasebprioicprj.com.br\/2021\/boletim-gps\/boletim-gps-14\/\" \/>\n<meta property=\"og:locale\" content=\"pt_BR\" \/>\n<meta property=\"og:type\" content=\"article\" \/>\n<meta property=\"og:title\" content=\"Boletim .gps #14 - Jornadas EBP RIO e ICPRJ\" \/>\n<meta property=\"og:description\" content=\"[vc_row row_type=&#8221;main-section&#8221; wr_background_img=&#8221;40&#8243;][vc_column][vc_single_image image=&#8221;613&#8243; img_size=&#8221;full&#8221; alignment=&#8221;right&#8221;][\/vc_column][\/vc_row][vc_row][vc_column][vc_empty_space height=&#8221;50px&#8221;][vc_column_text]Boletim#14[\/vc_column_text][vc_empty_space height=&#8221;50px&#8221;][vc_single_image image=&#8221;842&#8243; img_size=&#8221;182&#215;300&#8243; add_caption=&#8221;yes&#8221; alignment=&#8221;center&#8221;][vc_empty_space height=&#8221;50px&#8221;][vc_column_text] Boletim .gps Por Ruth Helena P. Cohen \u201cSair da caixinha, na verdade, \u00e9 porque a caixinha se desmanchou. N\u00f3s estamos todos nus.\u00a0Talvez aquele espelho que os europeus trouxeram pra trocar com a gente na praia tenha se invertido e agora eles est\u00e3o [&hellip;]\" \/>\n<meta property=\"og:url\" content=\"https:\/\/jornadasebprioicprj.com.br\/2021\/boletim-gps\/boletim-gps-14\/\" \/>\n<meta property=\"og:site_name\" content=\"Jornadas EBP RIO e ICPRJ\" \/>\n<meta property=\"article:modified_time\" content=\"2021-11-11T11:49:29+00:00\" \/>\n<meta name=\"twitter:card\" content=\"summary_large_image\" \/>\n<meta name=\"twitter:label1\" content=\"Est. tempo de leitura\" \/>\n\t<meta name=\"twitter:data1\" content=\"3 minutos\" \/>\n<script type=\"application\/ld+json\" class=\"yoast-schema-graph\">{\"@context\":\"https:\\\/\\\/schema.org\",\"@graph\":[{\"@type\":\"WebPage\",\"@id\":\"https:\\\/\\\/jornadasebprioicprj.com.br\\\/2021\\\/boletim-gps\\\/boletim-gps-14\\\/\",\"url\":\"https:\\\/\\\/jornadasebprioicprj.com.br\\\/2021\\\/boletim-gps\\\/boletim-gps-14\\\/\",\"name\":\"Boletim .gps #14 - Jornadas EBP RIO e ICPRJ\",\"isPartOf\":{\"@id\":\"https:\\\/\\\/jornadasebprioicprj.com.br\\\/2021\\\/#website\"},\"datePublished\":\"2021-11-11T10:15:56+00:00\",\"dateModified\":\"2021-11-11T11:49:29+00:00\",\"breadcrumb\":{\"@id\":\"https:\\\/\\\/jornadasebprioicprj.com.br\\\/2021\\\/boletim-gps\\\/boletim-gps-14\\\/#breadcrumb\"},\"inLanguage\":\"pt-BR\",\"potentialAction\":[{\"@type\":\"ReadAction\",\"target\":[\"https:\\\/\\\/jornadasebprioicprj.com.br\\\/2021\\\/boletim-gps\\\/boletim-gps-14\\\/\"]}]},{\"@type\":\"BreadcrumbList\",\"@id\":\"https:\\\/\\\/jornadasebprioicprj.com.br\\\/2021\\\/boletim-gps\\\/boletim-gps-14\\\/#breadcrumb\",\"itemListElement\":[{\"@type\":\"ListItem\",\"position\":1,\"name\":\"In\u00edcio\",\"item\":\"https:\\\/\\\/jornadasebprioicprj.com.br\\\/2021\\\/\"},{\"@type\":\"ListItem\",\"position\":2,\"name\":\"Boletim .gps\",\"item\":\"https:\\\/\\\/jornadasebprioicprj.com.br\\\/2021\\\/boletim-gps\\\/\"},{\"@type\":\"ListItem\",\"position\":3,\"name\":\"Boletim .gps #14\"}]},{\"@type\":\"WebSite\",\"@id\":\"https:\\\/\\\/jornadasebprioicprj.com.br\\\/2021\\\/#website\",\"url\":\"https:\\\/\\\/jornadasebprioicprj.com.br\\\/2021\\\/\",\"name\":\"Jornadas EBP RIO e ICPRJ\",\"description\":\"Escola Brasileira de Psican\u00e1lise\",\"potentialAction\":[{\"@type\":\"SearchAction\",\"target\":{\"@type\":\"EntryPoint\",\"urlTemplate\":\"https:\\\/\\\/jornadasebprioicprj.com.br\\\/2021\\\/?s={search_term_string}\"},\"query-input\":{\"@type\":\"PropertyValueSpecification\",\"valueRequired\":true,\"valueName\":\"search_term_string\"}}],\"inLanguage\":\"pt-BR\"}]}<\/script>\n<!-- \/ Yoast SEO plugin. -->","yoast_head_json":{"title":"Boletim .gps #14 - Jornadas EBP RIO e ICPRJ","robots":{"index":"index","follow":"follow","max-snippet":"max-snippet:-1","max-image-preview":"max-image-preview:large","max-video-preview":"max-video-preview:-1"},"canonical":"https:\/\/jornadasebprioicprj.com.br\/2021\/boletim-gps\/boletim-gps-14\/","og_locale":"pt_BR","og_type":"article","og_title":"Boletim .gps #14 - Jornadas EBP RIO e ICPRJ","og_description":"[vc_row row_type=&#8221;main-section&#8221; wr_background_img=&#8221;40&#8243;][vc_column][vc_single_image image=&#8221;613&#8243; img_size=&#8221;full&#8221; alignment=&#8221;right&#8221;][\/vc_column][\/vc_row][vc_row][vc_column][vc_empty_space height=&#8221;50px&#8221;][vc_column_text]Boletim#14[\/vc_column_text][vc_empty_space height=&#8221;50px&#8221;][vc_single_image image=&#8221;842&#8243; img_size=&#8221;182&#215;300&#8243; add_caption=&#8221;yes&#8221; alignment=&#8221;center&#8221;][vc_empty_space height=&#8221;50px&#8221;][vc_column_text] Boletim .gps Por Ruth Helena P. Cohen \u201cSair da caixinha, na verdade, \u00e9 porque a caixinha se desmanchou. N\u00f3s estamos todos nus.\u00a0Talvez aquele espelho que os europeus trouxeram pra trocar com a gente na praia tenha se invertido e agora eles est\u00e3o [&hellip;]","og_url":"https:\/\/jornadasebprioicprj.com.br\/2021\/boletim-gps\/boletim-gps-14\/","og_site_name":"Jornadas EBP RIO e ICPRJ","article_modified_time":"2021-11-11T11:49:29+00:00","twitter_card":"summary_large_image","twitter_misc":{"Est. tempo de leitura":"3 minutos"},"schema":{"@context":"https:\/\/schema.org","@graph":[{"@type":"WebPage","@id":"https:\/\/jornadasebprioicprj.com.br\/2021\/boletim-gps\/boletim-gps-14\/","url":"https:\/\/jornadasebprioicprj.com.br\/2021\/boletim-gps\/boletim-gps-14\/","name":"Boletim .gps #14 - Jornadas EBP RIO e ICPRJ","isPartOf":{"@id":"https:\/\/jornadasebprioicprj.com.br\/2021\/#website"},"datePublished":"2021-11-11T10:15:56+00:00","dateModified":"2021-11-11T11:49:29+00:00","breadcrumb":{"@id":"https:\/\/jornadasebprioicprj.com.br\/2021\/boletim-gps\/boletim-gps-14\/#breadcrumb"},"inLanguage":"pt-BR","potentialAction":[{"@type":"ReadAction","target":["https:\/\/jornadasebprioicprj.com.br\/2021\/boletim-gps\/boletim-gps-14\/"]}]},{"@type":"BreadcrumbList","@id":"https:\/\/jornadasebprioicprj.com.br\/2021\/boletim-gps\/boletim-gps-14\/#breadcrumb","itemListElement":[{"@type":"ListItem","position":1,"name":"In\u00edcio","item":"https:\/\/jornadasebprioicprj.com.br\/2021\/"},{"@type":"ListItem","position":2,"name":"Boletim .gps","item":"https:\/\/jornadasebprioicprj.com.br\/2021\/boletim-gps\/"},{"@type":"ListItem","position":3,"name":"Boletim .gps #14"}]},{"@type":"WebSite","@id":"https:\/\/jornadasebprioicprj.com.br\/2021\/#website","url":"https:\/\/jornadasebprioicprj.com.br\/2021\/","name":"Jornadas EBP RIO e ICPRJ","description":"Escola Brasileira de Psican\u00e1lise","potentialAction":[{"@type":"SearchAction","target":{"@type":"EntryPoint","urlTemplate":"https:\/\/jornadasebprioicprj.com.br\/2021\/?s={search_term_string}"},"query-input":{"@type":"PropertyValueSpecification","valueRequired":true,"valueName":"search_term_string"}}],"inLanguage":"pt-BR"}]}},"_links":{"self":[{"href":"https:\/\/jornadasebprioicprj.com.br\/2021\/wp-json\/wp\/v2\/pages\/841","targetHints":{"allow":["GET"]}}],"collection":[{"href":"https:\/\/jornadasebprioicprj.com.br\/2021\/wp-json\/wp\/v2\/pages"}],"about":[{"href":"https:\/\/jornadasebprioicprj.com.br\/2021\/wp-json\/wp\/v2\/types\/page"}],"author":[{"embeddable":true,"href":"https:\/\/jornadasebprioicprj.com.br\/2021\/wp-json\/wp\/v2\/users\/1"}],"replies":[{"embeddable":true,"href":"https:\/\/jornadasebprioicprj.com.br\/2021\/wp-json\/wp\/v2\/comments?post=841"}],"version-history":[{"count":7,"href":"https:\/\/jornadasebprioicprj.com.br\/2021\/wp-json\/wp\/v2\/pages\/841\/revisions"}],"predecessor-version":[{"id":851,"href":"https:\/\/jornadasebprioicprj.com.br\/2021\/wp-json\/wp\/v2\/pages\/841\/revisions\/851"}],"up":[{"embeddable":true,"href":"https:\/\/jornadasebprioicprj.com.br\/2021\/wp-json\/wp\/v2\/pages\/11"}],"wp:attachment":[{"href":"https:\/\/jornadasebprioicprj.com.br\/2021\/wp-json\/wp\/v2\/media?parent=841"}],"curies":[{"name":"wp","href":"https:\/\/api.w.org\/{rel}","templated":true}]}}