{"id":728,"date":"2021-10-21T09:37:45","date_gmt":"2021-10-21T12:37:45","guid":{"rendered":"https:\/\/jornadasebprioicprj.com.br\/2021\/?page_id=728"},"modified":"2021-10-21T09:37:58","modified_gmt":"2021-10-21T12:37:58","slug":"boletim-gps-11","status":"publish","type":"page","link":"https:\/\/jornadasebprioicprj.com.br\/2021\/boletim-gps\/boletim-gps-11\/","title":{"rendered":"Boletim .gps #11"},"content":{"rendered":"[vc_row row_type=&#8221;main-section&#8221; wr_background_img=&#8221;40&#8243;][vc_column][vc_single_image image=&#8221;613&#8243; img_size=&#8221;full&#8221; alignment=&#8221;right&#8221;][\/vc_column][\/vc_row][vc_row][vc_column][vc_empty_space height=&#8221;50px&#8221;][vc_column_text]<span style=\"font-family: american-type; font-size: 36pt;\">Boletim#11<\/span>[\/vc_column_text][vc_empty_space height=&#8221;50px&#8221;][vc_column_text]\n<h1>Editorial<\/h1>\n<h6><em>Por Thereza De Felice<\/em>\u00a0(Participante do cartel de coordena\u00e7\u00e3o da atividade)<\/h6>\n<p>&nbsp;<\/p>\n<p><span style=\"font-size: 36pt;\">N<\/span>o pr\u00f3ximo dia 25 de outubro, \u00e0s 20h, acontecer\u00e1 a II Preparat\u00f3ria para as XXVIII Jornadas Cl\u00ednicas da EBP-Rio e ICP-RJ \u2013 Os nomes da vida: marcas da pandemia.<\/p>\n<p>Teremos o prazer de contar com a presen\u00e7a da artista visual Rivane Neuenschwander, que nos falar\u00e1 sobre seu belo trabalho intitulado \u201cO nome do medo\u201d.<\/p>\n<p>Rivane \u00e9 formada pela Escola de Belas Artes da Universidade Federal de Minas Gerais e \u00e9 mestre em artes pelo Royal College of Art, de Londres. Participou de v\u00e1rias exposi\u00e7\u00f5es em importantes institui\u00e7\u00f5es de arte pelo mundo. A artista conta com uma galeria reservada a seu trabalho &#8220;Continente\/Nuvem&#8221; no Instituto Inhotim.<\/p>\n<p>Na entrevista, que ser\u00e1 conduzida pelo cartel composto por F\u00e1tima Pinheiro, Flavia Corpas, Giselle Falbo, Paula Legey, Thereza De Felice e, como mais-um, Sarita Gelbert, teremos a oportunidade de mergulhar na tecitura de seu trabalho.<\/p>\n<p>&#8220;O nome do medo&#8221; apresenta uma \u00e9tica, no campo da inven\u00e7\u00e3o, que faz uso da mat\u00e9ria humana e pode recolher seus cacos. A pr\u00e1tica da artista envolve os mais diversos recursos com rela\u00e7\u00e3o \u00e0s t\u00e9cnicas utilizadas, destacando, mais do que a t\u00e9cnica, o espa\u00e7o produzido entre a autora e os participantes de suas a\u00e7\u00f5es art\u00edsticas.<\/p>\n<p>No caso de \u201cO nome do medo\u201d, vemos surgir o espa\u00e7o criativo e coletivo entre Rivane e as crian\u00e7as \u00e0s quais prop\u00f5e oficinas em torno do significante \u201cmedo\u201d, deslizando por suas m\u00faltiplas significa\u00e7\u00f5es, para fazer aparecerem, assim, o que chama de \u201crepert\u00f3rios\u201d infantis. Com isso, produz-se objetos e, dentre eles, destaca-se a capa, escolhida pela artista como abrigo privilegiado para a ambiguidade pr\u00f3pria ao significante.<\/p>\n<p>Com que capa nos apresentamos e nomeamos? Como se coletivizam autoria e singularidade no repert\u00f3rio de nomes da vida?<\/p>\n<p>Convidamos a todos a conhecer o trabalho da artista e a estar conosco nessa conversa![\/vc_column_text][vc_empty_space height=&#8221;50px&#8221;][vc_separator][vc_empty_space height=&#8221;50px&#8221;][vc_single_image image=&#8221;729&#8243; img_size=&#8221;full&#8221; alignment=&#8221;center&#8221;][vc_empty_space height=&#8221;50px&#8221;][vc_separator][vc_empty_space height=&#8221;50px&#8221;][vc_column_text]\n<ul>\n<li><span style=\"font-size: 12pt;\">Veja e ou\u00e7a a grava\u00e7\u00e3o da primeira preparat\u00f3ria das Jornadas clicando neste link:\u00a0<a href=\"https:\/\/youtu.be\/kjjmjfve6j0\" target=\"_blank\" rel=\"noopener\">https:\/\/youtu.be\/kjjmjfve6j0<\/a><\/span><\/li>\n<li><span style=\"font-size: 12pt;\">Veja o site das Jornadas clicando neste link:\u00a0<a href=\"https:\/\/jornadasebprioicprj.com.br\/2021\/\">https:\/\/jornadasebprioicprj.com.br\/2021\/<\/a><\/span><\/li>\n<li><span style=\"font-size: 12pt;\">Inscreva-se nas Jornadas aqui:\u00a0<a href=\"https:\/\/jornadasebprioicprj.com.br\/2021\/inscricoes\/\">https:\/\/jornadasebprioicprj.com.br\/2021\/inscricoes\/<\/a><\/span><\/li>\n<li><span style=\"font-size: 12pt;\">Ou\u00e7a o\u00a0podcast das Jornadas clicando neste link:\u00a0<a href=\"http:\/\/shorturl.at\/bisKZ\" target=\"_blank\" rel=\"noopener\">shorturl.at\/bisKZ<\/a><\/span><\/li>\n<li><span style=\"font-size: 12pt;\">Ou\u00e7a a playlist das Jornadas clicando neste link:\u00a0<a href=\"http:\/\/www.shorturl.at\/bhyG8\" target=\"_blank\" rel=\"noopener\">shorturl.at\/bhyG8<\/a><\/span><\/li>\n<li><span style=\"font-size: 12pt;\">Acesse o perfil das Jornadas no Instagram neste link:\u00a0<a href=\"https:\/\/www.instagram.com\/jornadasebprioicprj\/\" target=\"_blank\" rel=\"noopener\">https:\/\/www.instagram.com\/jornadasebprioicprj\/<\/a><\/span><\/li>\n<\/ul>\n[\/vc_column_text][\/vc_column][\/vc_row][vc_row][vc_column][\/vc_column][\/vc_row]\n","protected":false},"excerpt":{"rendered":"<p>[vc_row row_type=&#8221;main-section&#8221; wr_background_img=&#8221;40&#8243;][vc_column][vc_single_image image=&#8221;613&#8243; img_size=&#8221;full&#8221; alignment=&#8221;right&#8221;][\/vc_column][\/vc_row][vc_row][vc_column][vc_empty_space height=&#8221;50px&#8221;][vc_column_text]Boletim#11[\/vc_column_text][vc_empty_space height=&#8221;50px&#8221;][vc_column_text] Editorial Por Thereza De Felice\u00a0(Participante do cartel de coordena\u00e7\u00e3o da atividade) &nbsp; No pr\u00f3ximo dia 25 de outubro, \u00e0s 20h, acontecer\u00e1 a II Preparat\u00f3ria para as XXVIII Jornadas Cl\u00ednicas da EBP-Rio e ICP-RJ \u2013 Os nomes da vida: marcas da pandemia. Teremos o prazer de contar com [&hellip;]<\/p>\n","protected":false},"author":1,"featured_media":0,"parent":11,"menu_order":0,"comment_status":"closed","ping_status":"closed","template":"","meta":{"footnotes":""},"class_list":["post-728","page","type-page","status-publish","hentry"],"yoast_head":"<!-- This site is optimized with the Yoast SEO plugin v27.5 - https:\/\/yoast.com\/product\/yoast-seo-wordpress\/ -->\n<title>Boletim .gps #11 - Jornadas EBP RIO e ICPRJ<\/title>\n<meta name=\"robots\" content=\"index, follow, max-snippet:-1, max-image-preview:large, max-video-preview:-1\" \/>\n<link rel=\"canonical\" href=\"https:\/\/jornadasebprioicprj.com.br\/2021\/boletim-gps\/boletim-gps-11\/\" \/>\n<meta property=\"og:locale\" content=\"pt_BR\" \/>\n<meta property=\"og:type\" content=\"article\" \/>\n<meta property=\"og:title\" content=\"Boletim .gps #11 - Jornadas EBP RIO e ICPRJ\" \/>\n<meta property=\"og:description\" content=\"[vc_row row_type=&#8221;main-section&#8221; wr_background_img=&#8221;40&#8243;][vc_column][vc_single_image image=&#8221;613&#8243; img_size=&#8221;full&#8221; alignment=&#8221;right&#8221;][\/vc_column][\/vc_row][vc_row][vc_column][vc_empty_space height=&#8221;50px&#8221;][vc_column_text]Boletim#11[\/vc_column_text][vc_empty_space height=&#8221;50px&#8221;][vc_column_text] Editorial Por Thereza De Felice\u00a0(Participante do cartel de coordena\u00e7\u00e3o da atividade) &nbsp; No pr\u00f3ximo dia 25 de outubro, \u00e0s 20h, acontecer\u00e1 a II Preparat\u00f3ria para as XXVIII Jornadas Cl\u00ednicas da EBP-Rio e ICP-RJ \u2013 Os nomes da vida: marcas da pandemia. Teremos o prazer de contar com [&hellip;]\" \/>\n<meta property=\"og:url\" content=\"https:\/\/jornadasebprioicprj.com.br\/2021\/boletim-gps\/boletim-gps-11\/\" \/>\n<meta property=\"og:site_name\" content=\"Jornadas EBP RIO e ICPRJ\" \/>\n<meta property=\"article:modified_time\" content=\"2021-10-21T12:37:58+00:00\" \/>\n<meta name=\"twitter:card\" content=\"summary_large_image\" \/>\n<meta name=\"twitter:label1\" content=\"Est. tempo de leitura\" \/>\n\t<meta name=\"twitter:data1\" content=\"2 minutos\" \/>\n<script type=\"application\/ld+json\" class=\"yoast-schema-graph\">{\"@context\":\"https:\\\/\\\/schema.org\",\"@graph\":[{\"@type\":\"WebPage\",\"@id\":\"https:\\\/\\\/jornadasebprioicprj.com.br\\\/2021\\\/boletim-gps\\\/boletim-gps-11\\\/\",\"url\":\"https:\\\/\\\/jornadasebprioicprj.com.br\\\/2021\\\/boletim-gps\\\/boletim-gps-11\\\/\",\"name\":\"Boletim .gps #11 - Jornadas EBP RIO e ICPRJ\",\"isPartOf\":{\"@id\":\"https:\\\/\\\/jornadasebprioicprj.com.br\\\/2021\\\/#website\"},\"datePublished\":\"2021-10-21T12:37:45+00:00\",\"dateModified\":\"2021-10-21T12:37:58+00:00\",\"breadcrumb\":{\"@id\":\"https:\\\/\\\/jornadasebprioicprj.com.br\\\/2021\\\/boletim-gps\\\/boletim-gps-11\\\/#breadcrumb\"},\"inLanguage\":\"pt-BR\",\"potentialAction\":[{\"@type\":\"ReadAction\",\"target\":[\"https:\\\/\\\/jornadasebprioicprj.com.br\\\/2021\\\/boletim-gps\\\/boletim-gps-11\\\/\"]}]},{\"@type\":\"BreadcrumbList\",\"@id\":\"https:\\\/\\\/jornadasebprioicprj.com.br\\\/2021\\\/boletim-gps\\\/boletim-gps-11\\\/#breadcrumb\",\"itemListElement\":[{\"@type\":\"ListItem\",\"position\":1,\"name\":\"In\u00edcio\",\"item\":\"https:\\\/\\\/jornadasebprioicprj.com.br\\\/2021\\\/\"},{\"@type\":\"ListItem\",\"position\":2,\"name\":\"Boletim .gps\",\"item\":\"https:\\\/\\\/jornadasebprioicprj.com.br\\\/2021\\\/boletim-gps\\\/\"},{\"@type\":\"ListItem\",\"position\":3,\"name\":\"Boletim .gps #11\"}]},{\"@type\":\"WebSite\",\"@id\":\"https:\\\/\\\/jornadasebprioicprj.com.br\\\/2021\\\/#website\",\"url\":\"https:\\\/\\\/jornadasebprioicprj.com.br\\\/2021\\\/\",\"name\":\"Jornadas EBP RIO e ICPRJ\",\"description\":\"Escola Brasileira de Psican\u00e1lise\",\"potentialAction\":[{\"@type\":\"SearchAction\",\"target\":{\"@type\":\"EntryPoint\",\"urlTemplate\":\"https:\\\/\\\/jornadasebprioicprj.com.br\\\/2021\\\/?s={search_term_string}\"},\"query-input\":{\"@type\":\"PropertyValueSpecification\",\"valueRequired\":true,\"valueName\":\"search_term_string\"}}],\"inLanguage\":\"pt-BR\"}]}<\/script>\n<!-- \/ Yoast SEO plugin. -->","yoast_head_json":{"title":"Boletim .gps #11 - Jornadas EBP RIO e ICPRJ","robots":{"index":"index","follow":"follow","max-snippet":"max-snippet:-1","max-image-preview":"max-image-preview:large","max-video-preview":"max-video-preview:-1"},"canonical":"https:\/\/jornadasebprioicprj.com.br\/2021\/boletim-gps\/boletim-gps-11\/","og_locale":"pt_BR","og_type":"article","og_title":"Boletim .gps #11 - Jornadas EBP RIO e ICPRJ","og_description":"[vc_row row_type=&#8221;main-section&#8221; wr_background_img=&#8221;40&#8243;][vc_column][vc_single_image image=&#8221;613&#8243; img_size=&#8221;full&#8221; alignment=&#8221;right&#8221;][\/vc_column][\/vc_row][vc_row][vc_column][vc_empty_space height=&#8221;50px&#8221;][vc_column_text]Boletim#11[\/vc_column_text][vc_empty_space height=&#8221;50px&#8221;][vc_column_text] Editorial Por Thereza De Felice\u00a0(Participante do cartel de coordena\u00e7\u00e3o da atividade) &nbsp; No pr\u00f3ximo dia 25 de outubro, \u00e0s 20h, acontecer\u00e1 a II Preparat\u00f3ria para as XXVIII Jornadas Cl\u00ednicas da EBP-Rio e ICP-RJ \u2013 Os nomes da vida: marcas da pandemia. Teremos o prazer de contar com [&hellip;]","og_url":"https:\/\/jornadasebprioicprj.com.br\/2021\/boletim-gps\/boletim-gps-11\/","og_site_name":"Jornadas EBP RIO e ICPRJ","article_modified_time":"2021-10-21T12:37:58+00:00","twitter_card":"summary_large_image","twitter_misc":{"Est. tempo de leitura":"2 minutos"},"schema":{"@context":"https:\/\/schema.org","@graph":[{"@type":"WebPage","@id":"https:\/\/jornadasebprioicprj.com.br\/2021\/boletim-gps\/boletim-gps-11\/","url":"https:\/\/jornadasebprioicprj.com.br\/2021\/boletim-gps\/boletim-gps-11\/","name":"Boletim .gps #11 - Jornadas EBP RIO e ICPRJ","isPartOf":{"@id":"https:\/\/jornadasebprioicprj.com.br\/2021\/#website"},"datePublished":"2021-10-21T12:37:45+00:00","dateModified":"2021-10-21T12:37:58+00:00","breadcrumb":{"@id":"https:\/\/jornadasebprioicprj.com.br\/2021\/boletim-gps\/boletim-gps-11\/#breadcrumb"},"inLanguage":"pt-BR","potentialAction":[{"@type":"ReadAction","target":["https:\/\/jornadasebprioicprj.com.br\/2021\/boletim-gps\/boletim-gps-11\/"]}]},{"@type":"BreadcrumbList","@id":"https:\/\/jornadasebprioicprj.com.br\/2021\/boletim-gps\/boletim-gps-11\/#breadcrumb","itemListElement":[{"@type":"ListItem","position":1,"name":"In\u00edcio","item":"https:\/\/jornadasebprioicprj.com.br\/2021\/"},{"@type":"ListItem","position":2,"name":"Boletim .gps","item":"https:\/\/jornadasebprioicprj.com.br\/2021\/boletim-gps\/"},{"@type":"ListItem","position":3,"name":"Boletim .gps #11"}]},{"@type":"WebSite","@id":"https:\/\/jornadasebprioicprj.com.br\/2021\/#website","url":"https:\/\/jornadasebprioicprj.com.br\/2021\/","name":"Jornadas EBP RIO e ICPRJ","description":"Escola Brasileira de Psican\u00e1lise","potentialAction":[{"@type":"SearchAction","target":{"@type":"EntryPoint","urlTemplate":"https:\/\/jornadasebprioicprj.com.br\/2021\/?s={search_term_string}"},"query-input":{"@type":"PropertyValueSpecification","valueRequired":true,"valueName":"search_term_string"}}],"inLanguage":"pt-BR"}]}},"_links":{"self":[{"href":"https:\/\/jornadasebprioicprj.com.br\/2021\/wp-json\/wp\/v2\/pages\/728","targetHints":{"allow":["GET"]}}],"collection":[{"href":"https:\/\/jornadasebprioicprj.com.br\/2021\/wp-json\/wp\/v2\/pages"}],"about":[{"href":"https:\/\/jornadasebprioicprj.com.br\/2021\/wp-json\/wp\/v2\/types\/page"}],"author":[{"embeddable":true,"href":"https:\/\/jornadasebprioicprj.com.br\/2021\/wp-json\/wp\/v2\/users\/1"}],"replies":[{"embeddable":true,"href":"https:\/\/jornadasebprioicprj.com.br\/2021\/wp-json\/wp\/v2\/comments?post=728"}],"version-history":[{"count":2,"href":"https:\/\/jornadasebprioicprj.com.br\/2021\/wp-json\/wp\/v2\/pages\/728\/revisions"}],"predecessor-version":[{"id":731,"href":"https:\/\/jornadasebprioicprj.com.br\/2021\/wp-json\/wp\/v2\/pages\/728\/revisions\/731"}],"up":[{"embeddable":true,"href":"https:\/\/jornadasebprioicprj.com.br\/2021\/wp-json\/wp\/v2\/pages\/11"}],"wp:attachment":[{"href":"https:\/\/jornadasebprioicprj.com.br\/2021\/wp-json\/wp\/v2\/media?parent=728"}],"curies":[{"name":"wp","href":"https:\/\/api.w.org\/{rel}","templated":true}]}}