{"id":436,"date":"2021-08-12T10:59:46","date_gmt":"2021-08-12T13:59:46","guid":{"rendered":"https:\/\/jornadasebprioicprj.com.br\/2021\/?page_id=436"},"modified":"2021-08-18T06:07:24","modified_gmt":"2021-08-18T09:07:24","slug":"boletim-gps03","status":"publish","type":"page","link":"https:\/\/jornadasebprioicprj.com.br\/2021\/boletim-gps\/boletim-gps03\/","title":{"rendered":"Boletim .gps #03"},"content":{"rendered":"[vc_row row_type=&#8221;main-section&#8221; wr_background_img=&#8221;40&#8243;][vc_column][vc_single_image image=&#8221;613&#8243; img_size=&#8221;full&#8221; alignment=&#8221;right&#8221;][\/vc_column][\/vc_row][vc_row][vc_column][vc_empty_space height=&#8221;50px&#8221;][vc_column_text]\n<p><span style=\"font-family: american-type; font-size: 36pt;\">Boletim#3<\/span><\/p>\n[\/vc_column_text][vc_empty_space height=&#8221;50px&#8221;][vc_single_image image=&#8221;437&#8243; img_size=&#8221;full&#8221; alignment=&#8221;center&#8221;][vc_empty_space height=&#8221;50px&#8221;][vc_column_text]\n<h3><\/h3>\n<p><span style=\"font-family: american-type; font-size: 24pt;\">Durante o caminho<\/span><\/p>\n<p><em>Por Louren\u00e7o Ast\u00faa de Moraes e Melissa Bottrel | <\/em>Integrantes da Comiss\u00e3o de m\u00eddias das XXVIII Jornadas Cl\u00ednicas da EBP-Rio e do ICP RJ<\/p>\n<p>&nbsp;<\/p>\n<p><em>Indica\u00e7\u00f5es:<\/em><br \/>\n<em>1- copie e cole este texto no google tradutor<\/em><br \/>\n<em>2- ou\u00e7a com a voz do google<\/em><br \/>\n<em>3 &#8211; depois, leia com sua pr\u00f3pria voz<\/em><\/p>\n<p><span style=\"font-family: american-type; font-size: 36pt;\">I<\/span>nicialmente criado para fins b\u00e9licos, o GPS, hoje utilizado para fornecer outros tipos de informa\u00e7\u00f5es de localiza\u00e7\u00e3o, nos inspirou sobre a maneira com a qual apostamos neste posicionamento durante um caminho que nos leva a algum lugar, ou n\u00e3o.\u00a0<a href=\"https:\/\/jornadasebprioicprj.com.br\/2021\/durante-o-caminho\/\" target=\"_blank\" rel=\"noopener\">[Leia+]<\/a>[\/vc_column_text][vc_empty_space height=&#8221;50px&#8221;][vc_separator][vc_empty_space height=&#8221;50px&#8221;][vc_column_text]\n<p style=\"text-align: center;\"><span style=\"font-size: 36pt;\">.<\/span><\/p>\n<p><span style=\"font-family: american-type; font-size: 24pt;\">TEXTOS DO LAN\u00c7AMENTO DAS XXVIII JORNADAS<\/span><\/p>\n<p><span style=\"font-family: american-type;\">O CORPO, estrangeiro<\/span><\/p>\n<p><span style=\"font-size: 14pt;\"><em>Por Fabian Naparstek<\/em><\/span><\/p>\n<p>&nbsp;<\/p>\n<p><span style=\"font-family: american-type; font-size: 36pt;\">E<\/span>m 1944 Sartre escrevia sua famosa obra de teatro \u201cA porta fechada\u201d, onde mostrava-se que o inferno s\u00e3o os outros. Ainda n\u00e3o havia terminado a segunda guerra mundial, tampouco se havia liberado Paris e Sartre colocava sobre a mesa o problema do confinamento e dos outros. <a href=\"https:\/\/jornadasebprioicprj.com.br\/2021\/o-corpo-estrangeiro\/\">[Leia +]<\/a>[\/vc_column_text][vc_empty_space height=&#8221;50px&#8221;][vc_separator][vc_empty_space height=&#8221;50px&#8221;][vc_column_text]\n<p><em>Por F\u00e1tima Pinheiro |\u00a0<\/em>Coordenadora geral das XXVIII Jornadas Cl\u00ednicas da EBP-Rio e do ICP RJ<\/p>\n<p>&nbsp;<\/p>\n<p><span style=\"font-family: american-type; font-size: 36pt;\">A<\/span> frase: \u201ctexto quer dizer tecido\u201d, ressoa no trabalho do artista Andr\u00e9 Azevedo, escolhido para lan\u00e7ar nossas XXVIII Jornadas Cl\u00ednicas da EBP-Rio e ICP-Rj: \u201cOs Nomes da Vida\u201d \u2013 marcas da pandemia\u201d, a serem realizadas nos dias 26 e 27 de novembro, e que tenho a alegria de coordenar, a convite da diretoria da EBP-Rio. As Jornadas da EBP-Rio e ICP-Rj s\u00e3o tecidas em s\u00e9rie, ano a ano, com os fios e os n\u00f3s que enla\u00e7am nossa comunidade, nos permitindo resgatar o inconsciente em sua qualidade de experi\u00eancia pol\u00edtica. <a href=\"https:\/\/jornadasebprioicprj.com.br\/2021\/lancamento-das-xxviii-jornadas-clinicas-da-ebp-rio-e-icp-rj\/\">[Leia +]<\/a>[\/vc_column_text][vc_empty_space height=&#8221;50px&#8221;][vc_separator][vc_empty_space height=&#8221;50px&#8221;][vc_column_text]<span style=\"font-size: 12pt;\">Por Ruth Helena Pinto Cohen &#8211; Diretora da EBP- Rio<\/span><\/p>\n<p><span style=\"font-family: american-type; font-size: 36pt;\">G<\/span>ostaria de agradecer \u00e0 equipe de organizadores, que est\u00e1 \u00e0 frente de nossa XXVIII Jornadas, por ter sustentado o desejo decidido de trazer significantes da EBP-Rio e do ICP e lan\u00e7\u00e1-los \u00e0 interlocu\u00e7\u00e3o com a cidade e fora dela. <a href=\"https:\/\/jornadasebprioicprj.com.br\/2021\/lancamento-das-xxviii-jornadas-clinicas-da-escola-brasileira-de-psicanalise-secao-rio-e-icp-rj-os-nomes-da-vida-marcas-da-pandemia\/\">[Leia +]<\/a>[\/vc_column_text][vc_empty_space height=&#8221;50px&#8221;][vc_separator][vc_empty_space height=&#8221;50px&#8221;][vc_column_text]\n<p><em>Por Marcia Zucchi | <\/em>Diretora geral do\u00a0 ICP RJ<\/p>\n<p>&nbsp;<\/p>\n<p><span style=\"font-family: american-type; font-size: 36pt;\">G<\/span>ostaria de agradecer a todos os que t\u00eam trabalhado com tanto desejo para que essas Jornadas aconte\u00e7am.<br \/>\nAs Jornadas Cl\u00ednicas anuais s\u00e3o o auge de um trabalho que mant\u00e9m causada toda a comunidade da Se\u00e7\u00e3o Rio e do ICP-RJ, ao longo de um ano, em torno de um tema que afeta n\u00e3o s\u00f3 a n\u00f3s psicanalistas, mas que reflete as inquieta\u00e7\u00f5es do nosso entorno. Como ficou destacado na fala de Ruth, cada vez mais as Jornadas t\u00eam se tornado nossa porta aberta \u00e0 cidade. Momento em que nos deixamos interpelar pelas quest\u00f5es centrais que a afetam e nos for\u00e7am a refletir sobre nosso lugar e papel nelas. <a href=\"https:\/\/jornadasebprioicprj.com.br\/2021\/para-o-lancamento-das-xxviii-jornadas-os-nomes-da-vida-marcas-da-pandemia\/\">[Leia +]<\/a>[\/vc_column_text][vc_empty_space height=&#8221;50px&#8221;][vc_separator][vc_empty_space height=&#8221;50px&#8221;][vc_column_text]\n<p><em>Por Maria In\u00eas Lamy | <\/em>Coordenadora da Comiss\u00e3o Cient\u00edfica das XXVIII Jornadas Cl\u00ednicas da EBP-Rio e do ICP RJ<\/p>\n<p>&nbsp;<\/p>\n<p><span style=\"font-family: american-type; font-size: 36pt;\">A<\/span>grade\u00e7o a Ruth Cohen e \u00e0 diretoria da EBP-Rio o convite para coordenar a Comiss\u00e3o Cient\u00edfica junto com Adriano Aguiar, parceiro nessa empreitada. Agrade\u00e7o tamb\u00e9m a Fatima Pinheiro, coordenadora geral das Jornadas, e a todas as comiss\u00f5es. Por fim, sou grata \u00e0s colegas da Comiss\u00e3o Cient\u00edfica, pela disponibilidade e \u00f3timas ideias \u2013 Andrea Vilanova, Ang\u00e9lica Bastos, Cristina Duba e Helo\u00edsa Caldas. <a href=\"https:\/\/jornadasebprioicprj.com.br\/2021\/lancamento-das-xxviii-jornadas-da-ebp-rio-e-icp-rj-os-nomes-da-vida-marcas-da-pandemia\/\">[Leia +]<\/a>[\/vc_column_text][\/vc_column][\/vc_row]\n<p>&nbsp;<\/p>\n","protected":false},"excerpt":{"rendered":"<p>[vc_row row_type=&#8221;main-section&#8221; wr_background_img=&#8221;40&#8243;][vc_column][vc_single_image image=&#8221;613&#8243; img_size=&#8221;full&#8221; alignment=&#8221;right&#8221;][\/vc_column][\/vc_row][vc_row][vc_column][vc_empty_space height=&#8221;50px&#8221;][vc_column_text] Boletim#3 [\/vc_column_text][vc_empty_space height=&#8221;50px&#8221;][vc_single_image image=&#8221;437&#8243; img_size=&#8221;full&#8221; alignment=&#8221;center&#8221;][vc_empty_space height=&#8221;50px&#8221;][vc_column_text] Durante o caminho Por Louren\u00e7o Ast\u00faa de Moraes e Melissa Bottrel | Integrantes da Comiss\u00e3o de m\u00eddias das XXVIII Jornadas Cl\u00ednicas da EBP-Rio e do ICP RJ &nbsp; Indica\u00e7\u00f5es: 1- copie e cole este texto no google tradutor 2- ou\u00e7a com [&hellip;]<\/p>\n","protected":false},"author":1,"featured_media":0,"parent":11,"menu_order":0,"comment_status":"closed","ping_status":"closed","template":"","meta":{"footnotes":""},"class_list":["post-436","page","type-page","status-publish","hentry"],"yoast_head":"<!-- This site is optimized with the Yoast SEO plugin v27.5 - https:\/\/yoast.com\/product\/yoast-seo-wordpress\/ -->\n<title>Boletim .gps #03 - Jornadas EBP RIO e ICPRJ<\/title>\n<meta name=\"robots\" content=\"index, follow, max-snippet:-1, max-image-preview:large, max-video-preview:-1\" \/>\n<link rel=\"canonical\" href=\"https:\/\/jornadasebprioicprj.com.br\/2021\/boletim-gps\/boletim-gps03\/\" \/>\n<meta property=\"og:locale\" content=\"pt_BR\" \/>\n<meta property=\"og:type\" content=\"article\" \/>\n<meta property=\"og:title\" content=\"Boletim .gps #03 - Jornadas EBP RIO e ICPRJ\" \/>\n<meta property=\"og:description\" content=\"[vc_row row_type=&#8221;main-section&#8221; wr_background_img=&#8221;40&#8243;][vc_column][vc_single_image image=&#8221;613&#8243; img_size=&#8221;full&#8221; alignment=&#8221;right&#8221;][\/vc_column][\/vc_row][vc_row][vc_column][vc_empty_space height=&#8221;50px&#8221;][vc_column_text] Boletim#3 [\/vc_column_text][vc_empty_space height=&#8221;50px&#8221;][vc_single_image image=&#8221;437&#8243; img_size=&#8221;full&#8221; alignment=&#8221;center&#8221;][vc_empty_space height=&#8221;50px&#8221;][vc_column_text] Durante o caminho Por Louren\u00e7o Ast\u00faa de Moraes e Melissa Bottrel | Integrantes da Comiss\u00e3o de m\u00eddias das XXVIII Jornadas Cl\u00ednicas da EBP-Rio e do ICP RJ &nbsp; Indica\u00e7\u00f5es: 1- copie e cole este texto no google tradutor 2- ou\u00e7a com [&hellip;]\" \/>\n<meta property=\"og:url\" content=\"https:\/\/jornadasebprioicprj.com.br\/2021\/boletim-gps\/boletim-gps03\/\" \/>\n<meta property=\"og:site_name\" content=\"Jornadas EBP RIO e ICPRJ\" \/>\n<meta property=\"article:modified_time\" content=\"2021-08-18T09:07:24+00:00\" \/>\n<meta name=\"twitter:card\" content=\"summary_large_image\" \/>\n<meta name=\"twitter:label1\" content=\"Est. tempo de leitura\" \/>\n\t<meta name=\"twitter:data1\" content=\"4 minutos\" \/>\n<script type=\"application\/ld+json\" class=\"yoast-schema-graph\">{\"@context\":\"https:\\\/\\\/schema.org\",\"@graph\":[{\"@type\":\"WebPage\",\"@id\":\"https:\\\/\\\/jornadasebprioicprj.com.br\\\/2021\\\/boletim-gps\\\/boletim-gps03\\\/\",\"url\":\"https:\\\/\\\/jornadasebprioicprj.com.br\\\/2021\\\/boletim-gps\\\/boletim-gps03\\\/\",\"name\":\"Boletim .gps #03 - Jornadas EBP RIO e ICPRJ\",\"isPartOf\":{\"@id\":\"https:\\\/\\\/jornadasebprioicprj.com.br\\\/2021\\\/#website\"},\"datePublished\":\"2021-08-12T13:59:46+00:00\",\"dateModified\":\"2021-08-18T09:07:24+00:00\",\"breadcrumb\":{\"@id\":\"https:\\\/\\\/jornadasebprioicprj.com.br\\\/2021\\\/boletim-gps\\\/boletim-gps03\\\/#breadcrumb\"},\"inLanguage\":\"pt-BR\",\"potentialAction\":[{\"@type\":\"ReadAction\",\"target\":[\"https:\\\/\\\/jornadasebprioicprj.com.br\\\/2021\\\/boletim-gps\\\/boletim-gps03\\\/\"]}]},{\"@type\":\"BreadcrumbList\",\"@id\":\"https:\\\/\\\/jornadasebprioicprj.com.br\\\/2021\\\/boletim-gps\\\/boletim-gps03\\\/#breadcrumb\",\"itemListElement\":[{\"@type\":\"ListItem\",\"position\":1,\"name\":\"In\u00edcio\",\"item\":\"https:\\\/\\\/jornadasebprioicprj.com.br\\\/2021\\\/\"},{\"@type\":\"ListItem\",\"position\":2,\"name\":\"Boletim .gps\",\"item\":\"https:\\\/\\\/jornadasebprioicprj.com.br\\\/2021\\\/boletim-gps\\\/\"},{\"@type\":\"ListItem\",\"position\":3,\"name\":\"Boletim .gps #03\"}]},{\"@type\":\"WebSite\",\"@id\":\"https:\\\/\\\/jornadasebprioicprj.com.br\\\/2021\\\/#website\",\"url\":\"https:\\\/\\\/jornadasebprioicprj.com.br\\\/2021\\\/\",\"name\":\"Jornadas EBP RIO e ICPRJ\",\"description\":\"Escola Brasileira de Psican\u00e1lise\",\"potentialAction\":[{\"@type\":\"SearchAction\",\"target\":{\"@type\":\"EntryPoint\",\"urlTemplate\":\"https:\\\/\\\/jornadasebprioicprj.com.br\\\/2021\\\/?s={search_term_string}\"},\"query-input\":{\"@type\":\"PropertyValueSpecification\",\"valueRequired\":true,\"valueName\":\"search_term_string\"}}],\"inLanguage\":\"pt-BR\"}]}<\/script>\n<!-- \/ Yoast SEO plugin. -->","yoast_head_json":{"title":"Boletim .gps #03 - Jornadas EBP RIO e ICPRJ","robots":{"index":"index","follow":"follow","max-snippet":"max-snippet:-1","max-image-preview":"max-image-preview:large","max-video-preview":"max-video-preview:-1"},"canonical":"https:\/\/jornadasebprioicprj.com.br\/2021\/boletim-gps\/boletim-gps03\/","og_locale":"pt_BR","og_type":"article","og_title":"Boletim .gps #03 - Jornadas EBP RIO e ICPRJ","og_description":"[vc_row row_type=&#8221;main-section&#8221; wr_background_img=&#8221;40&#8243;][vc_column][vc_single_image image=&#8221;613&#8243; img_size=&#8221;full&#8221; alignment=&#8221;right&#8221;][\/vc_column][\/vc_row][vc_row][vc_column][vc_empty_space height=&#8221;50px&#8221;][vc_column_text] Boletim#3 [\/vc_column_text][vc_empty_space height=&#8221;50px&#8221;][vc_single_image image=&#8221;437&#8243; img_size=&#8221;full&#8221; alignment=&#8221;center&#8221;][vc_empty_space height=&#8221;50px&#8221;][vc_column_text] Durante o caminho Por Louren\u00e7o Ast\u00faa de Moraes e Melissa Bottrel | Integrantes da Comiss\u00e3o de m\u00eddias das XXVIII Jornadas Cl\u00ednicas da EBP-Rio e do ICP RJ &nbsp; Indica\u00e7\u00f5es: 1- copie e cole este texto no google tradutor 2- ou\u00e7a com [&hellip;]","og_url":"https:\/\/jornadasebprioicprj.com.br\/2021\/boletim-gps\/boletim-gps03\/","og_site_name":"Jornadas EBP RIO e ICPRJ","article_modified_time":"2021-08-18T09:07:24+00:00","twitter_card":"summary_large_image","twitter_misc":{"Est. tempo de leitura":"4 minutos"},"schema":{"@context":"https:\/\/schema.org","@graph":[{"@type":"WebPage","@id":"https:\/\/jornadasebprioicprj.com.br\/2021\/boletim-gps\/boletim-gps03\/","url":"https:\/\/jornadasebprioicprj.com.br\/2021\/boletim-gps\/boletim-gps03\/","name":"Boletim .gps #03 - Jornadas EBP RIO e ICPRJ","isPartOf":{"@id":"https:\/\/jornadasebprioicprj.com.br\/2021\/#website"},"datePublished":"2021-08-12T13:59:46+00:00","dateModified":"2021-08-18T09:07:24+00:00","breadcrumb":{"@id":"https:\/\/jornadasebprioicprj.com.br\/2021\/boletim-gps\/boletim-gps03\/#breadcrumb"},"inLanguage":"pt-BR","potentialAction":[{"@type":"ReadAction","target":["https:\/\/jornadasebprioicprj.com.br\/2021\/boletim-gps\/boletim-gps03\/"]}]},{"@type":"BreadcrumbList","@id":"https:\/\/jornadasebprioicprj.com.br\/2021\/boletim-gps\/boletim-gps03\/#breadcrumb","itemListElement":[{"@type":"ListItem","position":1,"name":"In\u00edcio","item":"https:\/\/jornadasebprioicprj.com.br\/2021\/"},{"@type":"ListItem","position":2,"name":"Boletim .gps","item":"https:\/\/jornadasebprioicprj.com.br\/2021\/boletim-gps\/"},{"@type":"ListItem","position":3,"name":"Boletim .gps #03"}]},{"@type":"WebSite","@id":"https:\/\/jornadasebprioicprj.com.br\/2021\/#website","url":"https:\/\/jornadasebprioicprj.com.br\/2021\/","name":"Jornadas EBP RIO e ICPRJ","description":"Escola Brasileira de Psican\u00e1lise","potentialAction":[{"@type":"SearchAction","target":{"@type":"EntryPoint","urlTemplate":"https:\/\/jornadasebprioicprj.com.br\/2021\/?s={search_term_string}"},"query-input":{"@type":"PropertyValueSpecification","valueRequired":true,"valueName":"search_term_string"}}],"inLanguage":"pt-BR"}]}},"_links":{"self":[{"href":"https:\/\/jornadasebprioicprj.com.br\/2021\/wp-json\/wp\/v2\/pages\/436","targetHints":{"allow":["GET"]}}],"collection":[{"href":"https:\/\/jornadasebprioicprj.com.br\/2021\/wp-json\/wp\/v2\/pages"}],"about":[{"href":"https:\/\/jornadasebprioicprj.com.br\/2021\/wp-json\/wp\/v2\/types\/page"}],"author":[{"embeddable":true,"href":"https:\/\/jornadasebprioicprj.com.br\/2021\/wp-json\/wp\/v2\/users\/1"}],"replies":[{"embeddable":true,"href":"https:\/\/jornadasebprioicprj.com.br\/2021\/wp-json\/wp\/v2\/comments?post=436"}],"version-history":[{"count":11,"href":"https:\/\/jornadasebprioicprj.com.br\/2021\/wp-json\/wp\/v2\/pages\/436\/revisions"}],"predecessor-version":[{"id":622,"href":"https:\/\/jornadasebprioicprj.com.br\/2021\/wp-json\/wp\/v2\/pages\/436\/revisions\/622"}],"up":[{"embeddable":true,"href":"https:\/\/jornadasebprioicprj.com.br\/2021\/wp-json\/wp\/v2\/pages\/11"}],"wp:attachment":[{"href":"https:\/\/jornadasebprioicprj.com.br\/2021\/wp-json\/wp\/v2\/media?parent=436"}],"curies":[{"name":"wp","href":"https:\/\/api.w.org\/{rel}","templated":true}]}}