{"id":422,"date":"2021-08-12T10:39:05","date_gmt":"2021-08-12T13:39:05","guid":{"rendered":"https:\/\/jornadasebprioicprj.com.br\/2021\/?page_id=422"},"modified":"2021-08-25T08:30:58","modified_gmt":"2021-08-25T11:30:58","slug":"boletim-gps01","status":"publish","type":"page","link":"https:\/\/jornadasebprioicprj.com.br\/2021\/boletim-gps\/boletim-gps01\/","title":{"rendered":"Boletim .gps #01"},"content":{"rendered":"[vc_row row_type=&#8221;main-section&#8221; wr_background_img=&#8221;40&#8243;][vc_column][vc_single_image image=&#8221;613&#8243; img_size=&#8221;full&#8221; alignment=&#8221;right&#8221;][\/vc_column][\/vc_row][vc_row][vc_column][vc_empty_space height=&#8221;50px&#8221;][vc_column_text]\n<p><span style=\"font-family: american-type; font-size: 36pt;\">Boletim#1<\/span><\/p>\n[\/vc_column_text][vc_empty_space height=&#8221;50px&#8221;][vc_column_text]<span style=\"font-family: american-type; font-size: 36pt;\">C<\/span>aros colegas, bem-vindos ao <span style=\"font-family: american-type;\">Boletim<\/span> .<span style=\"font-family: american-type;\">gps<\/span>!<\/p>\n<p>Na pr\u00f3xima segunda, dia 12 de julho de 2021, \u00e0s 20h, teremos o lan\u00e7amento das XXVIII Jornadas Cl\u00ednicas da EBP &#8211; Rio e ICP\u00a0 RJ:<\/p>\n<p style=\"padding-left: 40px;\"><span style=\"font-family: american-type;\"><span style=\"color: #993300;\">Os nomes da vida<\/span>: marcas da pandemia<\/span>.<\/p>\n<p>Contaremos com o convidado Fabi\u00e1n Naparstek, AME, Membro da EOL\/AMP.<br \/>\nO lan\u00e7amento ser\u00e1 aberto a todos e transmitido pelo canal do YouTube da EBP-Rio.<br \/>\nNeste boletim, voc\u00eas poder\u00e3o ler o excelente argumento, assim como os eixos tem\u00e1ticos das Jornadas, e informarem-se sobre as comiss\u00f5es envolvidas neste trabalho<\/p>\n<p style=\"text-align: center;\"><span style=\"font-size: 36pt;\">.<\/span><\/p>\n<p><span style=\"font-family: american-type; font-size: 24pt;\">ARGUMENTO<\/span><\/p>\n<p>&nbsp;<\/p>\n[\/vc_column_text][vc_column_text]\u201c<em>Talvez o que a gente tenha que fazer n\u00e3o \u00e9 eliminar a queda, mas inventar milhares de paraquedas coloridos, divertidos, inclusive prazerosos<\/em>.\u201d<br \/>\nAilton Krenak<\/p>\n<p><span style=\"font-family: american-type; font-size: 36pt;\">D<\/span>e repente o mundo estanca, a morte nos cerca e o medo impera. A vida, que conhec\u00edamos at\u00e9 ent\u00e3o, \u00e9 colocada em suspenso. Impactados pelo instante de ver e, em busca de um tempo para compreender que traga um certo apaziguamento, prosseguimos. Como disse Miquel Bassols, n\u00e3o podemos contar com o final do t\u00fanel e \u201c&#8230;quem sabe n\u00e3o seja melhor ficar ali um pouco mais inventando alguma coisa antes de sair. Podemos fazer isso. E sempre com a liberdade da palavra. Sem ela, o sujeito do desejo nunca poder\u00e1 existir nem persistir.\u201d <a href=\"https:\/\/jornadasebprioicprj.com.br\/2021\/argumento\/\" target=\"_blank\" rel=\"noopener\">[Leia +]<\/a><\/p>\n<p style=\"text-align: center;\"><span style=\"font-size: 36pt;\">.<\/span><\/p>\n<p><span style=\"font-family: american-type; font-size: 24pt;\">EIXOS TEM\u00c1TICOS<\/span><\/p>\n<p>&nbsp;<\/p>\n<p><span style=\"font-family: american-type;\">EIXO TEM\u00c1TICO: PSICAN\u00c1LISE E FORMA\u00c7\u00c3O<\/span><\/p>\n<p><span style=\"font-family: american-type; font-size: 24pt;\">E<\/span>m um cen\u00e1rio de perdas e desamparo, a psican\u00e1lise revela-se uma trincheira contra a puls\u00e3o de morte. Desde os momentos iniciais da pandemia, sinais de vida s\u00e3o emitidos. O infamiliar emerge no confinamento, assombrando o sujeito. A ang\u00fastia pede passagem. Quando a urg\u00eancia em falar se engancha ao amor de transfer\u00eancia, o desejo do analista, em sua fun\u00e7\u00e3o de sustentar o trabalho, faz a oferta da Outra cena. Nos rastros deixados pelo encontro traum\u00e1tico com o horror, a doen\u00e7a e a morte, apostamos no trabalho de luto para situar as perdas, conjugar no singular as marcas depositadas em cada um e relan\u00e7ar o desejo. <a href=\"https:\/\/jornadasebprioicprj.com.br\/2021\/eixos-tematicos\/\" target=\"_blank\" rel=\"noopener\">[Leia +]<\/a><\/p>\n<p>&nbsp;<\/p>\n<hr \/>\n<p><span style=\"font-family: american-type;\">EIXO TEM\u00c1TICO: O REAL E O VIRTUAL<\/span><\/p>\n<p><span style=\"font-size: 24pt; font-family: american-type;\">O<\/span> real sempre foi uma quest\u00e3o para a psican\u00e1lise. Freud o abordou, usando o substantivo que lhe corresponde, realidade, adjetivando-a como ps\u00edquica, ou seja, constitu\u00edda pela linguagem inconsciente na articula\u00e7\u00e3o com o corpo e suas bordas er\u00f3genas. Bem adiante, ele aponta que os objetos tecnol\u00f3gicos de sua \u00e9poca, funcionando como extens\u00f5es do corpo, permitem expandir os limites dos nossos \u00f3rg\u00e3os motores e sensoriais no trabalho de constitui\u00e7\u00e3o desta realidade ps\u00edquica.\u00a0<a href=\"https:\/\/jornadasebprioicprj.com.br\/2021\/eixos-tematicos\/\" target=\"_blank\" rel=\"noopener\">[Leia +]<\/a><\/p>\n<p>&nbsp;<\/p>\n<hr \/>\n<p><span style=\"font-family: american-type;\">EIXO TEM\u00c1TICO: ARTE E ARTIF\u00cdCIOS<\/span><\/p>\n<p><span style=\"font-family: american-type; font-size: 24pt;\">O<\/span> tratamento do real que as artes imprimem no mundo se reafirma sempre, em qualquer tempo. O real se imp\u00f5e e resiste \u00e0 representa\u00e7\u00e3o. E nesse v\u00e1cuo que se produz, a arte como ato e como a\u00e7\u00e3o, se materializa. A arte acaba tamb\u00e9m operando no mundo das coisas, com suas disrup\u00e7\u00f5es, uma pol\u00edtica pr\u00f3pria: inven\u00e7\u00e3o, corte, descontinuidade. <a href=\"https:\/\/jornadasebprioicprj.com.br\/2021\/eixos-tematicos\/\" target=\"_blank\" rel=\"noopener\">[Leia +]<\/a><\/p>\n<p style=\"text-align: center;\"><span style=\"font-size: 36pt;\">.<\/span><\/p>\n<p><span style=\"font-family: american-type; font-size: 24pt;\">COMISS\u00d5ES<\/span><\/p>\n<p>&nbsp;<\/p>\n<p><span style=\"font-family: 'Book Antiqua', Palatino;\"><strong>Coordena\u00e7\u00e3o Geral<\/strong>:<\/span> Fatima Pinheiro<\/p>\n<p><span style=\"font-family: 'Book Antiqua', Palatino;\"><strong>Cartel de Coordena\u00e7\u00e3o<\/strong>:<\/span> Mais-um &#8211; Cristina Duba | F\u00e1tima Pinheiro; Leonardo Lopes Miranda, Patr\u00edcia Paterson; Thereza De Felice<\/p>\n<p>&nbsp;<\/p>\n<p><span style=\"font-family: 'Book Antiqua', Palatino;\"><strong>Comiss\u00e3o Cient\u00edfica<\/strong>:<\/span>\u00a0 Coordena\u00e7\u00e3o &#8211; Adriano Aguiar e Maria In\u00eas Lamy | Equipe: Andrea Vilanova; Ang\u00e9lica Bastos; Cristina Duba e Heloisa Caldas<\/p>\n<p><span style=\"font-family: 'Book Antiqua', Palatino;\"><strong>Comiss\u00e3o de Tesouraria<\/strong>:<\/span> Coordena\u00e7\u00e3o &#8211; Patricia Paterson | Equipe: Carolina Dutra; Francisca Menta; Mariana Pucci<\/p>\n<p><span style=\"font-family: 'Book Antiqua', Palatino;\"><strong>Comiss\u00e3o de Infra-estrutura<\/strong><\/span>: Coordena\u00e7\u00e3o &#8211; Thereza De Felice| Equipe: Ana Beatriz Zimmermann; Gricel Os\u00f3rio Hor-Meyll; Nina Barreto Machado; Renata Estrella<\/p>\n<p><span style=\"font-family: 'Book Antiqua', Palatino;\"><strong>Comiss\u00e3o de M\u00eddias e Divulga\u00e7\u00e3<\/strong>o<\/span>: Coordena\u00e7\u00e3o &#8211; Leonardo Lopes Miranda &#8211; Equipe:\u00a0 Felipe Pinheiro; Gustavo Corinto da Silva; Larissa Pinto; Louren\u00e7o Ast\u00faa de Moraes; Melissa Bottrel; Rodrigo Abecassis; Sandra Landim [\/vc_column_text][\/vc_column][\/vc_row]\n<p>&nbsp;<\/p>\n<p>&nbsp;<\/p>\n<p>&nbsp;<\/p>\n","protected":false},"excerpt":{"rendered":"<p>[vc_row row_type=&#8221;main-section&#8221; wr_background_img=&#8221;40&#8243;][vc_column][vc_single_image image=&#8221;613&#8243; img_size=&#8221;full&#8221; alignment=&#8221;right&#8221;][\/vc_column][\/vc_row][vc_row][vc_column][vc_empty_space height=&#8221;50px&#8221;][vc_column_text] Boletim#1 [\/vc_column_text][vc_empty_space height=&#8221;50px&#8221;][vc_column_text]Caros colegas, bem-vindos ao Boletim .gps! Na pr\u00f3xima segunda, dia 12 de julho de 2021, \u00e0s 20h, teremos o lan\u00e7amento das XXVIII Jornadas Cl\u00ednicas da EBP &#8211; Rio e ICP\u00a0 RJ: Os nomes da vida: marcas da pandemia. Contaremos com o convidado Fabi\u00e1n Naparstek, AME, Membro [&hellip;]<\/p>\n","protected":false},"author":1,"featured_media":0,"parent":11,"menu_order":0,"comment_status":"closed","ping_status":"closed","template":"","meta":{"footnotes":""},"class_list":["post-422","page","type-page","status-publish","hentry"],"yoast_head":"<!-- This site is optimized with the Yoast SEO plugin v27.5 - https:\/\/yoast.com\/product\/yoast-seo-wordpress\/ -->\n<title>Boletim .gps #01 - Jornadas EBP RIO e ICPRJ<\/title>\n<meta name=\"robots\" content=\"index, follow, max-snippet:-1, max-image-preview:large, max-video-preview:-1\" \/>\n<link rel=\"canonical\" href=\"https:\/\/jornadasebprioicprj.com.br\/2021\/boletim-gps\/boletim-gps01\/\" \/>\n<meta property=\"og:locale\" content=\"pt_BR\" \/>\n<meta property=\"og:type\" content=\"article\" \/>\n<meta property=\"og:title\" content=\"Boletim .gps #01 - Jornadas EBP RIO e ICPRJ\" \/>\n<meta property=\"og:description\" content=\"[vc_row row_type=&#8221;main-section&#8221; wr_background_img=&#8221;40&#8243;][vc_column][vc_single_image image=&#8221;613&#8243; img_size=&#8221;full&#8221; alignment=&#8221;right&#8221;][\/vc_column][\/vc_row][vc_row][vc_column][vc_empty_space height=&#8221;50px&#8221;][vc_column_text] Boletim#1 [\/vc_column_text][vc_empty_space height=&#8221;50px&#8221;][vc_column_text]Caros colegas, bem-vindos ao Boletim .gps! Na pr\u00f3xima segunda, dia 12 de julho de 2021, \u00e0s 20h, teremos o lan\u00e7amento das XXVIII Jornadas Cl\u00ednicas da EBP &#8211; Rio e ICP\u00a0 RJ: Os nomes da vida: marcas da pandemia. Contaremos com o convidado Fabi\u00e1n Naparstek, AME, Membro [&hellip;]\" \/>\n<meta property=\"og:url\" content=\"https:\/\/jornadasebprioicprj.com.br\/2021\/boletim-gps\/boletim-gps01\/\" \/>\n<meta property=\"og:site_name\" content=\"Jornadas EBP RIO e ICPRJ\" \/>\n<meta property=\"article:modified_time\" content=\"2021-08-25T11:30:58+00:00\" \/>\n<meta name=\"twitter:card\" content=\"summary_large_image\" \/>\n<meta name=\"twitter:label1\" content=\"Est. tempo de leitura\" \/>\n\t<meta name=\"twitter:data1\" content=\"4 minutos\" \/>\n<script type=\"application\/ld+json\" class=\"yoast-schema-graph\">{\"@context\":\"https:\\\/\\\/schema.org\",\"@graph\":[{\"@type\":\"WebPage\",\"@id\":\"https:\\\/\\\/jornadasebprioicprj.com.br\\\/2021\\\/boletim-gps\\\/boletim-gps01\\\/\",\"url\":\"https:\\\/\\\/jornadasebprioicprj.com.br\\\/2021\\\/boletim-gps\\\/boletim-gps01\\\/\",\"name\":\"Boletim .gps #01 - Jornadas EBP RIO e ICPRJ\",\"isPartOf\":{\"@id\":\"https:\\\/\\\/jornadasebprioicprj.com.br\\\/2021\\\/#website\"},\"datePublished\":\"2021-08-12T13:39:05+00:00\",\"dateModified\":\"2021-08-25T11:30:58+00:00\",\"breadcrumb\":{\"@id\":\"https:\\\/\\\/jornadasebprioicprj.com.br\\\/2021\\\/boletim-gps\\\/boletim-gps01\\\/#breadcrumb\"},\"inLanguage\":\"pt-BR\",\"potentialAction\":[{\"@type\":\"ReadAction\",\"target\":[\"https:\\\/\\\/jornadasebprioicprj.com.br\\\/2021\\\/boletim-gps\\\/boletim-gps01\\\/\"]}]},{\"@type\":\"BreadcrumbList\",\"@id\":\"https:\\\/\\\/jornadasebprioicprj.com.br\\\/2021\\\/boletim-gps\\\/boletim-gps01\\\/#breadcrumb\",\"itemListElement\":[{\"@type\":\"ListItem\",\"position\":1,\"name\":\"In\u00edcio\",\"item\":\"https:\\\/\\\/jornadasebprioicprj.com.br\\\/2021\\\/\"},{\"@type\":\"ListItem\",\"position\":2,\"name\":\"Boletim .gps\",\"item\":\"https:\\\/\\\/jornadasebprioicprj.com.br\\\/2021\\\/boletim-gps\\\/\"},{\"@type\":\"ListItem\",\"position\":3,\"name\":\"Boletim .gps #01\"}]},{\"@type\":\"WebSite\",\"@id\":\"https:\\\/\\\/jornadasebprioicprj.com.br\\\/2021\\\/#website\",\"url\":\"https:\\\/\\\/jornadasebprioicprj.com.br\\\/2021\\\/\",\"name\":\"Jornadas EBP RIO e ICPRJ\",\"description\":\"Escola Brasileira de Psican\u00e1lise\",\"potentialAction\":[{\"@type\":\"SearchAction\",\"target\":{\"@type\":\"EntryPoint\",\"urlTemplate\":\"https:\\\/\\\/jornadasebprioicprj.com.br\\\/2021\\\/?s={search_term_string}\"},\"query-input\":{\"@type\":\"PropertyValueSpecification\",\"valueRequired\":true,\"valueName\":\"search_term_string\"}}],\"inLanguage\":\"pt-BR\"}]}<\/script>\n<!-- \/ Yoast SEO plugin. -->","yoast_head_json":{"title":"Boletim .gps #01 - Jornadas EBP RIO e ICPRJ","robots":{"index":"index","follow":"follow","max-snippet":"max-snippet:-1","max-image-preview":"max-image-preview:large","max-video-preview":"max-video-preview:-1"},"canonical":"https:\/\/jornadasebprioicprj.com.br\/2021\/boletim-gps\/boletim-gps01\/","og_locale":"pt_BR","og_type":"article","og_title":"Boletim .gps #01 - Jornadas EBP RIO e ICPRJ","og_description":"[vc_row row_type=&#8221;main-section&#8221; wr_background_img=&#8221;40&#8243;][vc_column][vc_single_image image=&#8221;613&#8243; img_size=&#8221;full&#8221; alignment=&#8221;right&#8221;][\/vc_column][\/vc_row][vc_row][vc_column][vc_empty_space height=&#8221;50px&#8221;][vc_column_text] Boletim#1 [\/vc_column_text][vc_empty_space height=&#8221;50px&#8221;][vc_column_text]Caros colegas, bem-vindos ao Boletim .gps! Na pr\u00f3xima segunda, dia 12 de julho de 2021, \u00e0s 20h, teremos o lan\u00e7amento das XXVIII Jornadas Cl\u00ednicas da EBP &#8211; Rio e ICP\u00a0 RJ: Os nomes da vida: marcas da pandemia. Contaremos com o convidado Fabi\u00e1n Naparstek, AME, Membro [&hellip;]","og_url":"https:\/\/jornadasebprioicprj.com.br\/2021\/boletim-gps\/boletim-gps01\/","og_site_name":"Jornadas EBP RIO e ICPRJ","article_modified_time":"2021-08-25T11:30:58+00:00","twitter_card":"summary_large_image","twitter_misc":{"Est. tempo de leitura":"4 minutos"},"schema":{"@context":"https:\/\/schema.org","@graph":[{"@type":"WebPage","@id":"https:\/\/jornadasebprioicprj.com.br\/2021\/boletim-gps\/boletim-gps01\/","url":"https:\/\/jornadasebprioicprj.com.br\/2021\/boletim-gps\/boletim-gps01\/","name":"Boletim .gps #01 - Jornadas EBP RIO e ICPRJ","isPartOf":{"@id":"https:\/\/jornadasebprioicprj.com.br\/2021\/#website"},"datePublished":"2021-08-12T13:39:05+00:00","dateModified":"2021-08-25T11:30:58+00:00","breadcrumb":{"@id":"https:\/\/jornadasebprioicprj.com.br\/2021\/boletim-gps\/boletim-gps01\/#breadcrumb"},"inLanguage":"pt-BR","potentialAction":[{"@type":"ReadAction","target":["https:\/\/jornadasebprioicprj.com.br\/2021\/boletim-gps\/boletim-gps01\/"]}]},{"@type":"BreadcrumbList","@id":"https:\/\/jornadasebprioicprj.com.br\/2021\/boletim-gps\/boletim-gps01\/#breadcrumb","itemListElement":[{"@type":"ListItem","position":1,"name":"In\u00edcio","item":"https:\/\/jornadasebprioicprj.com.br\/2021\/"},{"@type":"ListItem","position":2,"name":"Boletim .gps","item":"https:\/\/jornadasebprioicprj.com.br\/2021\/boletim-gps\/"},{"@type":"ListItem","position":3,"name":"Boletim .gps #01"}]},{"@type":"WebSite","@id":"https:\/\/jornadasebprioicprj.com.br\/2021\/#website","url":"https:\/\/jornadasebprioicprj.com.br\/2021\/","name":"Jornadas EBP RIO e ICPRJ","description":"Escola Brasileira de Psican\u00e1lise","potentialAction":[{"@type":"SearchAction","target":{"@type":"EntryPoint","urlTemplate":"https:\/\/jornadasebprioicprj.com.br\/2021\/?s={search_term_string}"},"query-input":{"@type":"PropertyValueSpecification","valueRequired":true,"valueName":"search_term_string"}}],"inLanguage":"pt-BR"}]}},"_links":{"self":[{"href":"https:\/\/jornadasebprioicprj.com.br\/2021\/wp-json\/wp\/v2\/pages\/422","targetHints":{"allow":["GET"]}}],"collection":[{"href":"https:\/\/jornadasebprioicprj.com.br\/2021\/wp-json\/wp\/v2\/pages"}],"about":[{"href":"https:\/\/jornadasebprioicprj.com.br\/2021\/wp-json\/wp\/v2\/types\/page"}],"author":[{"embeddable":true,"href":"https:\/\/jornadasebprioicprj.com.br\/2021\/wp-json\/wp\/v2\/users\/1"}],"replies":[{"embeddable":true,"href":"https:\/\/jornadasebprioicprj.com.br\/2021\/wp-json\/wp\/v2\/comments?post=422"}],"version-history":[{"count":19,"href":"https:\/\/jornadasebprioicprj.com.br\/2021\/wp-json\/wp\/v2\/pages\/422\/revisions"}],"predecessor-version":[{"id":621,"href":"https:\/\/jornadasebprioicprj.com.br\/2021\/wp-json\/wp\/v2\/pages\/422\/revisions\/621"}],"up":[{"embeddable":true,"href":"https:\/\/jornadasebprioicprj.com.br\/2021\/wp-json\/wp\/v2\/pages\/11"}],"wp:attachment":[{"href":"https:\/\/jornadasebprioicprj.com.br\/2021\/wp-json\/wp\/v2\/media?parent=422"}],"curies":[{"name":"wp","href":"https:\/\/api.w.org\/{rel}","templated":true}]}}