{"id":23,"date":"2021-07-11T08:54:48","date_gmt":"2021-07-11T11:54:48","guid":{"rendered":"http:\/\/jornadasebprioicprj.com.br\/2021\/?page_id=23"},"modified":"2021-08-18T06:07:04","modified_gmt":"2021-08-18T09:07:04","slug":"textos-de-orientacao","status":"publish","type":"page","link":"https:\/\/jornadasebprioicprj.com.br\/2021\/textos-de-orientacao\/","title":{"rendered":"Bibliografia"},"content":{"rendered":"[vc_row row_type=&#8221;main-section&#8221; wr_background_img=&#8221;40&#8243;][vc_column][vc_single_image image=&#8221;613&#8243; img_size=&#8221;full&#8221; alignment=&#8221;right&#8221;][\/vc_column][\/vc_row][vc_row][vc_column][vc_empty_space height=&#8221;50px&#8221;][vc_column_text]\n<h1><span style=\"font-family: american-type;\">BIBLIOGRAFIA<\/span><\/h1>\n[\/vc_column_text][vc_empty_space height=&#8221;50px&#8221;][vc_column_text]<span style=\"font-weight: 400; font-family: american-type; font-size: 18pt;\">SIGMUND FREUD<\/span><\/p>\n<p style=\"padding-left: 40px;\"><span style=\"font-weight: 400;\"><span style=\"font-size: 36pt;\">.<\/span> FREUD, S. (1915) &#8220;Considera\u00e7\u00f5es contempor\u00e2neas sobre a guerra e a morte&#8221;. In: <\/span><i><span style=\"font-weight: 400;\">Obras Incompletas de Sigmund Freud.<\/span><\/i><span style=\"font-weight: 400;\"> Belo Horizonte: Aut\u00eantica, 2020<\/span><\/p>\n<p style=\"padding-left: 40px;\"><span style=\"font-weight: 400;\">______. (1916) &#8220;Transitoriedade&#8221;. In: <\/span><i><span style=\"font-weight: 400;\">Obras Incompletas de Sigmund Freud<\/span><\/i><span style=\"font-weight: 400;\">. Belo Horizonte: Aut\u00eantica, 2020.<\/span><\/p>\n<p style=\"padding-left: 40px;\"><span style=\"font-weight: 400;\">______. (1917) &#8220;Luto e melancolia&#8221;. In: <\/span><i><span style=\"font-weight: 400;\">Obras Incompletas de Sigmund Freud<\/span><\/i><span style=\"font-weight: 400;\">. Belo Horizonte: Aut\u00eantica, 2020.<\/span><\/p>\n<p style=\"padding-left: 40px;\"><span style=\"font-weight: 400;\">______. (1920) &#8220;Al\u00e9m do princ\u00edpio do prazer&#8221;. In: <\/span><i><span style=\"font-weight: 400;\">Obras Incompletas de Sigmund Freud<\/span><\/i><span style=\"font-weight: 400;\">. Belo Horizonte: Aut\u00eantica, 2020.<\/span><\/p>\n<p style=\"padding-left: 40px;\"><span style=\"font-weight: 400;\">______. (1927) &#8220;O futuro de uma ilus\u00e3o&#8221;. In: <\/span><i><span style=\"font-weight: 400;\">Obras Incompletas de Sigmund Freud<\/span><\/i><span style=\"font-weight: 400;\">. Belo Horizonte: Aut\u00eantica, 2020.<\/span><\/p>\n<p style=\"padding-left: 40px;\"><span style=\"font-weight: 400;\">______. (1930) &#8220;O mal-estar na cultura&#8221;. In: <\/span><i><span style=\"font-weight: 400;\">Obras Incompletas de Sigmund Freud<\/span><\/i><span style=\"font-weight: 400;\">. Belo Horizonte: Aut\u00eantica, 2020.<\/span><\/p>\n<p style=\"padding-left: 40px;\"><span style=\"font-weight: 400;\">______. <\/span><i><span style=\"font-weight: 400;\">Obras Incompletas de Sigmund Freud: Arte, literatura e os artistas<\/span><\/i><span style=\"font-weight: 400;\"> . Belo Horizonte: Aut\u00eantica, 2020<\/span><\/p>\n<p style=\"padding-left: 40px;\"><span style=\"font-weight: 400;\">______. (1933) &#8220;Por que a guerra?&#8221;. In: <\/span><i><span style=\"font-weight: 400;\">Obras Incompletas de Sigmund Freud<\/span><\/i><span style=\"font-weight: 400;\">. Belo Horizonte: Aut\u00eantica, 2020.<\/span><\/p>\n<p>&nbsp;<\/p>\n<p><span style=\"font-weight: 400; font-family: american-type; font-size: 18pt;\">JACQUES LACAN<\/span><\/p>\n<p style=\"padding-left: 40px;\"><span style=\"font-weight: 400;\"><span style=\"font-family: 'Book Antiqua', Palatino;\"><span style=\"font-size: 36pt;\">.<\/span> LACAN, J<\/span>. (1960) &#8220;Subvers\u00e3o do sujeito e dial\u00e9tica do desejo no inconsciente freudiano&#8221;. In: <\/span><i><span style=\"font-weight: 400;\">Escritos<\/span><\/i><span style=\"font-weight: 400;\">. Rio de Janeiro: Jorge Zahar Ed., 1998.<\/span><\/p>\n<p style=\"padding-left: 40px;\"><span style=\"font-weight: 400;\">______. (1963) &#8220;Introdu\u00e7\u00e3o aos Nomes-do-Pai&#8221;. In: <\/span><i><span style=\"font-weight: 400;\">Nomes-do-Pai<\/span><\/i><span style=\"font-weight: 400;\">. Rio de Janeiro: Jorge Zahar Ed., 2005.<\/span><\/p>\n<p style=\"padding-left: 40px;\"><span style=\"font-weight: 400;\">______. (1975-76) <\/span><i><span style=\"font-weight: 400;\">O Semin\u00e1rio, livro 23: o sinthoma<\/span><\/i><span style=\"font-weight: 400;\">. Rio de Janeiro: Jorge Zahar Ed., 2007.<\/span><\/p>\n<p style=\"padding-left: 40px;\"><span style=\"font-weight: 400;\">______. (1974-75) <\/span><i><span style=\"font-weight: 400;\">O Semin\u00e1rio, livro 22: R.S.I<\/span><\/i><span style=\"font-weight: 400;\">. In\u00e9dito.<\/span><\/p>\n<p style=\"padding-left: 40px;\"><span style=\"font-weight: 400;\">______. (1975)<\/span><span style=\"font-weight: 400;\"> \u201cConfer\u00eancia em Genebra sobre o sintoma\u201d. <\/span><span style=\"font-weight: 400;\">In: <\/span><i><span style=\"font-weight: 400;\">Op\u00e7\u00e3o Lacaniana<\/span><\/i><span style=\"font-weight: 400;\">, n\u00ba 23. S\u00e3o Paulo: Eolia, 1998.<\/span><\/p>\n<p style=\"padding-left: 40px;\"><span style=\"font-weight: 400;\">______. (1959-60) <\/span><i><span style=\"font-weight: 400;\">O Semin\u00e1rio, livro 7: a \u00e9tica da psican\u00e1lise<\/span><\/i><span style=\"font-weight: 400;\">, Rio de Janeiro: Jorge Zahar Ed., 1988.<\/span><\/p>\n<p style=\"padding-left: 40px;\"><span style=\"font-weight: 400;\">______. <\/span><i><span style=\"font-weight: 400;\">O Semin\u00e1rio, livro 9: identifica\u00e7\u00e3o<\/span><\/i><span style=\"font-weight: 400;\">. In\u00e9dito.<\/span><\/p>\n<p style=\"padding-left: 40px;\"><span style=\"font-weight: 400;\">______. (1971) <\/span><i><span style=\"font-weight: 400;\">O Semin\u00e1rio, livro 18: de um discurso que n\u00e3o fosse semblante<\/span><\/i><span style=\"font-weight: 400;\">. Rio de Janeiro: Jorge Zahar Ed., 2009.<\/span><\/p>\n<p style=\"padding-left: 40px;\"><span style=\"font-weight: 400;\">______. <\/span><i><span style=\"font-weight: 400;\">O Semin\u00e1rio, livro 21: os n\u00e3o tolos erram<\/span><\/i><span style=\"font-weight: 400;\">. In\u00e9dito.<\/span><\/p>\n<p>&nbsp;<\/p>\n<p><span style=\"font-weight: 400; font-family: american-type; font-size: 18pt;\">JACQUES-ALAIN MILLER<\/span><\/p>\n<p style=\"padding-left: 40px;\"><span style=\"font-weight: 400;\"><span style=\"font-family: 'Book Antiqua', Palatino;\"><span style=\"font-size: 36pt;\">.<\/span> MILLER, J.-A.<\/span> &#8220;Comentario del seminario inexistente&#8221;. In: MILLER, J.-A. et al., <\/span><i><span style=\"font-weight: 400;\">Comentario del seminario inexistente<\/span><\/i><span style=\"font-weight: 400;\">. Buenos Aires: Ediciones Manantial, 1992.<\/span><\/p>\n<p style=\"padding-left: 40px;\"><span style=\"font-weight: 400;\">______. &#8220;A salva\u00e7\u00e3o pelos dejetos&#8221;.<\/span><span style=\"font-weight: 400;\"> Em: <\/span><i><span style=\"font-weight: 400;\">Correio: Revista da Escola Brasileira de Psican\u00e1lise <\/span><\/i><span style=\"font-weight: 400;\">\u00a0n\u00ba 67. EBP: 2010.\u00a0<\/span><\/p>\n<p style=\"padding-left: 40px;\"><span style=\"font-weight: 400;\">______. &#8220;Biologia Lacaniana e acontecimento de corpo&#8221;. In: <\/span><i><span style=\"font-weight: 400;\">Op\u00e7\u00e3o Lacaniana<\/span><\/i><span style=\"font-weight: 400;\"> n\u00ba 41. S\u00e3o Paulo: E\u00f3lia, 2004.<\/span><\/p>\n<p>&nbsp;<\/p>\n<p><span style=\"font-weight: 400; font-size: 18pt; font-family: american-type;\">\u00c9RIC LAURENT<\/span><\/p>\n<p style=\"padding-left: 40px;\"><span style=\"font-weight: 400;\"><span style=\"font-family: 'Book Antiqua', Palatino;\"><span style=\"font-size: 36pt;\">.<\/span> LAURENT, E. <\/span>&#8220;Sintoma e nome pr\u00f3prio&#8221;. In: <\/span><i><span style=\"font-weight: 400;\">Op\u00e7\u00e3o Lacaniana<\/span><\/i><span style=\"font-weight: 400;\"> n\u00ba 38. S\u00e3o Paulo: E\u00f3lia, dez. 2003.<\/span><\/p>\n<p style=\"padding-left: 40px;\"><span style=\"font-weight: 400;\">______. &#8220;Gozar da internet&#8221;. In: <\/span><i><span style=\"font-weight: 400;\">Revista digital Derivas Anal\u00edticas<\/span><\/i><span style=\"font-weight: 400;\"> n\u00ba 12. Acesso em &lt;<span style=\"font-family: 'Book Antiqua', Palatino; font-size: 12pt;\"><strong><a href=\"http:\/\/www.revistaderivasanaliticas.com.br\/index.php\/gozar-internet\" target=\"_blank\" rel=\"noopener\">http:\/\/www.revistaderivasanaliticas.com.br\/index.php\/gozar-internet<\/a><\/strong><\/span>&gt;<\/span><\/p>\n<p>&nbsp;<\/p>\n<p><span style=\"font-weight: 400; font-size: 18pt; font-family: american-type;\">MIQUEL BASSOLS<\/span><\/p>\n<p style=\"padding-left: 40px;\"><span style=\"font-weight: 400;\"><span style=\"font-size: 36pt;\">.<\/span> <span style=\"font-family: 'Book Antiqua', Palatino;\">BASSOLS, M. <\/span>&#8220;A lei da natureza e o real sem lei&#8221;. In: <\/span><i><span style=\"font-weight: 400;\">Correio Express: Revista Eletr\u00f4nica da Escola Brasileira de Psican\u00e1lise, Edi\u00e7\u00e3o Extra <\/span><\/i><span style=\"font-weight: 400;\">\u00a0n\u00ba 5 <\/span><span style=\"font-weight: 400;\">, 26\/03\/2020. Acesso em &lt;<span style=\"font-family: 'Book Antiqua', Palatino; font-size: 12pt;\"><strong><a href=\"https:\/\/www.ebp.org.br\/correio_express\/2020\/03\/26\/a-lei-da-natureza-e-o-real-sem-lei\/\" target=\"_blank\" rel=\"noopener\">https:\/\/www.ebp.org.br\/correio_express\/2020\/03\/26\/a-lei-da-natureza-e-o-real-sem-lei\/<\/a><\/strong><\/span>&gt;<\/span><\/p>\n<p style=\"padding-left: 40px;\"><span style=\"font-weight: 400;\">______. &#8220;O que podemos encontrar no final do t\u00fanel&#8221;. <\/span><i><span style=\"font-weight: 400;\">Em: EBP: Correio Express: Revista Eletr\u00f4nica da Escola Brasileira de Psican\u00e1lise,<\/span><\/i><span style=\"font-weight: 400;\"> 15\/05\/2020. Acesso em &lt;<span style=\"font-family: 'Book Antiqua', Palatino; font-size: 12pt;\"><strong><a href=\"https:\/\/www.ebp.org.br\/correio_express\/2020\/05\/15\/o-que-podemos-encontrar-no-final-do-tunel\/\" target=\"_blank\" rel=\"noopener\">https:\/\/www.ebp.org.br\/correio_express\/2020\/05\/15\/o-que-podemos-encontrar-no-final-do-tunel\/<\/a><\/strong><\/span>&gt;<\/span><\/p>\n<p>&nbsp;<\/p>\n<h1 style=\"text-align: center;\"><span style=\"font-size: 36pt; font-family: american-type;\">.<\/span><\/h1>\n<p>&nbsp;<\/p>\n<p style=\"padding-left: 40px;\"><span style=\"font-weight: 400;\"><span style=\"font-size: 36pt;\">.<\/span> <span style=\"font-family: 'Book Antiqua', Palatino;\">ARRAES ALENCAR, M. L. <\/span><\/span><i><span style=\"font-weight: 400;\">Criar e fruir da arte<\/span><\/i><span style=\"font-weight: 400;\">. Curitiba: Ed Prismas , 2017<\/span><\/p>\n<p>&nbsp;<\/p>\n<p style=\"padding-left: 40px;\"><span style=\"font-weight: 400;\"><span style=\"font-family: 'Book Antiqua', Palatino;\"><span style=\"font-size: 36pt;\">.<\/span> BASZ, S.<\/span> &#8220;Nomea\u00e7\u00e3o&#8221;. In: <\/span><i><span style=\"font-weight: 400;\">Scilicet dos Nomes-do-Pai<\/span><\/i><span style=\"font-weight: 400;\">. AMP, 2006.<\/span><\/p>\n<p>&nbsp;<\/p>\n<p style=\"padding-left: 40px;\"><span style=\"font-weight: 400;\"><span style=\"font-family: 'Book Antiqua', Palatino;\"><span style=\"font-size: 36pt;\">.<\/span> BROUSSE, M.-H.<\/span> &#8220;O objeto de arte na \u00e9poca do fim do belo&#8221;. In: <\/span><i><span style=\"font-weight: 400;\">Op\u00e7\u00e3o Lacaniana<\/span><\/i><span style=\"font-weight: 400;\"> n\u00ba 52, S\u00e3o Paulo: Eolia, 2008.<\/span><\/p>\n<p style=\"padding-left: 40px;\"><span style=\"font-weight: 400;\">______. &#8220;O saber dos artistas&#8221;. In: <\/span><i><span style=\"font-weight: 400;\">Arquivos da Biblioteca<\/span><\/i><span style=\"font-weight: 400;\"> n\u00ba 5. EBP-Rio: Rio de Janeiro, 2008.<\/span><\/p>\n<p>&nbsp;<\/p>\n<p style=\"padding-left: 40px;\"><span style=\"font-weight: 400;\"><span style=\"font-family: 'Book Antiqua', Palatino;\"><span style=\"font-size: 36pt;\">.<\/span> KRENAK, A. <\/span><\/span><i><span style=\"font-weight: 400;\">A vida n\u00e3o \u00e9 \u00fatil<\/span><\/i><span style=\"font-weight: 400;\">. S\u00e3o Paulo: Companhia das Letras, 2020<\/span><\/p>\n<p style=\"padding-left: 40px;\"><span style=\"font-weight: 400;\">______. <\/span><i><span style=\"font-weight: 400;\">Ideias para adiar o fim do mundo<\/span><\/i><span style=\"font-weight: 400;\">. S\u00e3o Paulo: Companhia das Letras, 2020<\/span><\/p>\n<p>&nbsp;<\/p>\n<p style=\"padding-left: 40px;\"><span style=\"font-weight: 400;\"><span style=\"font-family: american-type;\"><span style=\"font-family: 'Book Antiqua', Palatino;\"><span style=\"font-size: 36pt;\">.<\/span> MANDIL, R.<\/span><\/span> <\/span><i><span style=\"font-weight: 400;\">Os efeitos da letra: Lacan leitor de Joyce<\/span><\/i><span style=\"font-weight: 400;\">. Rio de Janeiro: Contra Capa, 2003.<\/span><\/p>\n<p>&nbsp;<\/p>\n<p style=\"padding-left: 40px;\"><span style=\"font-weight: 400;\"><span style=\"font-family: 'Book Antiqua', Palatino;\"><span style=\"font-size: 36pt;\">.<\/span> ROY, D. <\/span>&#8220;Inven\u00e7\u00e3o&#8221;. In: <\/span><i><span style=\"font-weight: 400;\">Scilicet: As psicoses ordin\u00e1rias e as outras<\/span><\/i><span style=\"font-weight: 400;\"> (XI Congresso da Associa\u00e7\u00e3o Mundial de Psican\u00e1lise: as psicoses ordin\u00e1rias e as outras). AMP, 2018.<\/span><\/p>\n<p>&nbsp;<\/p>\n<p style=\"padding-left: 40px;\"><span style=\"font-weight: 400; font-family: american-type;\"><span style=\"font-family: 'Book Antiqua', Palatino;\"><span style=\"font-weight: 400;\"><span style=\"font-size: 36pt;\">.<\/span> <\/span>VILA\u00c7A, A.<\/span> <\/span><i><span style=\"font-weight: 400;\">Morte na floresta<\/span><\/i><span style=\"font-weight: 400;\">. S\u00e3o Paulo: Todavia, 2020<\/span><\/p>\n<p>&nbsp;<\/p>\n<p style=\"padding-left: 40px;\"><span style=\"font-weight: 400;\"><span style=\"font-family: american-type;\"><span style=\"font-family: 'Book Antiqua', Palatino;\"><span style=\"font-size: 36pt;\">.<\/span> WAJCMAN, G<\/span>.<\/span> &#8220;Les objets de l\u2019art. Conversation avec G\u00e9rard Wajcman&#8221;. In: <\/span><i><span style=\"font-weight: 400;\">La Cause du D\u00e9sir <\/span><\/i><span style=\"font-weight: 400;\">\u00a0n\u00ba 94, 2016\/3. Acesso em &lt;<strong><a href=\"https:\/\/www.cairn.info\/revue-la-cause-du-desir-2016-3-page-80.htm\" target=\"_blank\" rel=\"noopener\"><span style=\"font-size: 12pt; font-family: 'Book Antiqua', Palatino;\">https:\/\/www.cairn.info\/revue-la-cause-du-desir-2016-3-page-80.htm<\/span><\/a><\/strong>&gt;<\/span><\/p>\n<p>&nbsp;<\/p>\n[\/vc_column_text][vc_empty_space height=&#8221;50px&#8221;][\/vc_column][\/vc_row]\n","protected":false},"excerpt":{"rendered":"<p>[vc_row row_type=&#8221;main-section&#8221; wr_background_img=&#8221;40&#8243;][vc_column][vc_single_image image=&#8221;613&#8243; img_size=&#8221;full&#8221; alignment=&#8221;right&#8221;][\/vc_column][\/vc_row][vc_row][vc_column][vc_empty_space height=&#8221;50px&#8221;][vc_column_text] BIBLIOGRAFIA [\/vc_column_text][vc_empty_space height=&#8221;50px&#8221;][vc_column_text]SIGMUND FREUD . FREUD, S. (1915) &#8220;Considera\u00e7\u00f5es contempor\u00e2neas sobre a guerra e a morte&#8221;. In: Obras Incompletas de Sigmund Freud. Belo Horizonte: Aut\u00eantica, 2020 ______. (1916) &#8220;Transitoriedade&#8221;. In: Obras Incompletas de Sigmund Freud. Belo Horizonte: Aut\u00eantica, 2020. ______. (1917) &#8220;Luto e melancolia&#8221;. In: Obras Incompletas de [&hellip;]<\/p>\n","protected":false},"author":1,"featured_media":0,"parent":0,"menu_order":0,"comment_status":"closed","ping_status":"closed","template":"","meta":{"footnotes":""},"class_list":["post-23","page","type-page","status-publish","hentry"],"yoast_head":"<!-- This site is optimized with the Yoast SEO plugin v27.5 - https:\/\/yoast.com\/product\/yoast-seo-wordpress\/ -->\n<title>Bibliografia - Jornadas EBP RIO e ICPRJ<\/title>\n<meta name=\"robots\" content=\"index, follow, max-snippet:-1, max-image-preview:large, max-video-preview:-1\" \/>\n<link rel=\"canonical\" href=\"https:\/\/jornadasebprioicprj.com.br\/2021\/textos-de-orientacao\/\" \/>\n<meta property=\"og:locale\" content=\"pt_BR\" \/>\n<meta property=\"og:type\" content=\"article\" \/>\n<meta property=\"og:title\" content=\"Bibliografia - Jornadas EBP RIO e ICPRJ\" \/>\n<meta property=\"og:description\" content=\"[vc_row row_type=&#8221;main-section&#8221; wr_background_img=&#8221;40&#8243;][vc_column][vc_single_image image=&#8221;613&#8243; img_size=&#8221;full&#8221; alignment=&#8221;right&#8221;][\/vc_column][\/vc_row][vc_row][vc_column][vc_empty_space height=&#8221;50px&#8221;][vc_column_text] BIBLIOGRAFIA [\/vc_column_text][vc_empty_space height=&#8221;50px&#8221;][vc_column_text]SIGMUND FREUD . FREUD, S. (1915) &#8220;Considera\u00e7\u00f5es contempor\u00e2neas sobre a guerra e a morte&#8221;. In: Obras Incompletas de Sigmund Freud. Belo Horizonte: Aut\u00eantica, 2020 ______. (1916) &#8220;Transitoriedade&#8221;. In: Obras Incompletas de Sigmund Freud. Belo Horizonte: Aut\u00eantica, 2020. ______. (1917) &#8220;Luto e melancolia&#8221;. In: Obras Incompletas de [&hellip;]\" \/>\n<meta property=\"og:url\" content=\"https:\/\/jornadasebprioicprj.com.br\/2021\/textos-de-orientacao\/\" \/>\n<meta property=\"og:site_name\" content=\"Jornadas EBP RIO e ICPRJ\" \/>\n<meta property=\"article:modified_time\" content=\"2021-08-18T09:07:04+00:00\" \/>\n<meta name=\"twitter:card\" content=\"summary_large_image\" \/>\n<meta name=\"twitter:label1\" content=\"Est. tempo de leitura\" \/>\n\t<meta name=\"twitter:data1\" content=\"3 minutos\" \/>\n<script type=\"application\/ld+json\" class=\"yoast-schema-graph\">{\"@context\":\"https:\\\/\\\/schema.org\",\"@graph\":[{\"@type\":\"WebPage\",\"@id\":\"https:\\\/\\\/jornadasebprioicprj.com.br\\\/2021\\\/textos-de-orientacao\\\/\",\"url\":\"https:\\\/\\\/jornadasebprioicprj.com.br\\\/2021\\\/textos-de-orientacao\\\/\",\"name\":\"Bibliografia - Jornadas EBP RIO e ICPRJ\",\"isPartOf\":{\"@id\":\"https:\\\/\\\/jornadasebprioicprj.com.br\\\/2021\\\/#website\"},\"datePublished\":\"2021-07-11T11:54:48+00:00\",\"dateModified\":\"2021-08-18T09:07:04+00:00\",\"breadcrumb\":{\"@id\":\"https:\\\/\\\/jornadasebprioicprj.com.br\\\/2021\\\/textos-de-orientacao\\\/#breadcrumb\"},\"inLanguage\":\"pt-BR\",\"potentialAction\":[{\"@type\":\"ReadAction\",\"target\":[\"https:\\\/\\\/jornadasebprioicprj.com.br\\\/2021\\\/textos-de-orientacao\\\/\"]}]},{\"@type\":\"BreadcrumbList\",\"@id\":\"https:\\\/\\\/jornadasebprioicprj.com.br\\\/2021\\\/textos-de-orientacao\\\/#breadcrumb\",\"itemListElement\":[{\"@type\":\"ListItem\",\"position\":1,\"name\":\"In\u00edcio\",\"item\":\"https:\\\/\\\/jornadasebprioicprj.com.br\\\/2021\\\/\"},{\"@type\":\"ListItem\",\"position\":2,\"name\":\"Bibliografia\"}]},{\"@type\":\"WebSite\",\"@id\":\"https:\\\/\\\/jornadasebprioicprj.com.br\\\/2021\\\/#website\",\"url\":\"https:\\\/\\\/jornadasebprioicprj.com.br\\\/2021\\\/\",\"name\":\"Jornadas EBP RIO e ICPRJ\",\"description\":\"Escola Brasileira de Psican\u00e1lise\",\"potentialAction\":[{\"@type\":\"SearchAction\",\"target\":{\"@type\":\"EntryPoint\",\"urlTemplate\":\"https:\\\/\\\/jornadasebprioicprj.com.br\\\/2021\\\/?s={search_term_string}\"},\"query-input\":{\"@type\":\"PropertyValueSpecification\",\"valueRequired\":true,\"valueName\":\"search_term_string\"}}],\"inLanguage\":\"pt-BR\"}]}<\/script>\n<!-- \/ Yoast SEO plugin. -->","yoast_head_json":{"title":"Bibliografia - Jornadas EBP RIO e ICPRJ","robots":{"index":"index","follow":"follow","max-snippet":"max-snippet:-1","max-image-preview":"max-image-preview:large","max-video-preview":"max-video-preview:-1"},"canonical":"https:\/\/jornadasebprioicprj.com.br\/2021\/textos-de-orientacao\/","og_locale":"pt_BR","og_type":"article","og_title":"Bibliografia - Jornadas EBP RIO e ICPRJ","og_description":"[vc_row row_type=&#8221;main-section&#8221; wr_background_img=&#8221;40&#8243;][vc_column][vc_single_image image=&#8221;613&#8243; img_size=&#8221;full&#8221; alignment=&#8221;right&#8221;][\/vc_column][\/vc_row][vc_row][vc_column][vc_empty_space height=&#8221;50px&#8221;][vc_column_text] BIBLIOGRAFIA [\/vc_column_text][vc_empty_space height=&#8221;50px&#8221;][vc_column_text]SIGMUND FREUD . FREUD, S. (1915) &#8220;Considera\u00e7\u00f5es contempor\u00e2neas sobre a guerra e a morte&#8221;. In: Obras Incompletas de Sigmund Freud. Belo Horizonte: Aut\u00eantica, 2020 ______. (1916) &#8220;Transitoriedade&#8221;. In: Obras Incompletas de Sigmund Freud. Belo Horizonte: Aut\u00eantica, 2020. ______. (1917) &#8220;Luto e melancolia&#8221;. In: Obras Incompletas de [&hellip;]","og_url":"https:\/\/jornadasebprioicprj.com.br\/2021\/textos-de-orientacao\/","og_site_name":"Jornadas EBP RIO e ICPRJ","article_modified_time":"2021-08-18T09:07:04+00:00","twitter_card":"summary_large_image","twitter_misc":{"Est. tempo de leitura":"3 minutos"},"schema":{"@context":"https:\/\/schema.org","@graph":[{"@type":"WebPage","@id":"https:\/\/jornadasebprioicprj.com.br\/2021\/textos-de-orientacao\/","url":"https:\/\/jornadasebprioicprj.com.br\/2021\/textos-de-orientacao\/","name":"Bibliografia - Jornadas EBP RIO e ICPRJ","isPartOf":{"@id":"https:\/\/jornadasebprioicprj.com.br\/2021\/#website"},"datePublished":"2021-07-11T11:54:48+00:00","dateModified":"2021-08-18T09:07:04+00:00","breadcrumb":{"@id":"https:\/\/jornadasebprioicprj.com.br\/2021\/textos-de-orientacao\/#breadcrumb"},"inLanguage":"pt-BR","potentialAction":[{"@type":"ReadAction","target":["https:\/\/jornadasebprioicprj.com.br\/2021\/textos-de-orientacao\/"]}]},{"@type":"BreadcrumbList","@id":"https:\/\/jornadasebprioicprj.com.br\/2021\/textos-de-orientacao\/#breadcrumb","itemListElement":[{"@type":"ListItem","position":1,"name":"In\u00edcio","item":"https:\/\/jornadasebprioicprj.com.br\/2021\/"},{"@type":"ListItem","position":2,"name":"Bibliografia"}]},{"@type":"WebSite","@id":"https:\/\/jornadasebprioicprj.com.br\/2021\/#website","url":"https:\/\/jornadasebprioicprj.com.br\/2021\/","name":"Jornadas EBP RIO e ICPRJ","description":"Escola Brasileira de Psican\u00e1lise","potentialAction":[{"@type":"SearchAction","target":{"@type":"EntryPoint","urlTemplate":"https:\/\/jornadasebprioicprj.com.br\/2021\/?s={search_term_string}"},"query-input":{"@type":"PropertyValueSpecification","valueRequired":true,"valueName":"search_term_string"}}],"inLanguage":"pt-BR"}]}},"_links":{"self":[{"href":"https:\/\/jornadasebprioicprj.com.br\/2021\/wp-json\/wp\/v2\/pages\/23","targetHints":{"allow":["GET"]}}],"collection":[{"href":"https:\/\/jornadasebprioicprj.com.br\/2021\/wp-json\/wp\/v2\/pages"}],"about":[{"href":"https:\/\/jornadasebprioicprj.com.br\/2021\/wp-json\/wp\/v2\/types\/page"}],"author":[{"embeddable":true,"href":"https:\/\/jornadasebprioicprj.com.br\/2021\/wp-json\/wp\/v2\/users\/1"}],"replies":[{"embeddable":true,"href":"https:\/\/jornadasebprioicprj.com.br\/2021\/wp-json\/wp\/v2\/comments?post=23"}],"version-history":[{"count":30,"href":"https:\/\/jornadasebprioicprj.com.br\/2021\/wp-json\/wp\/v2\/pages\/23\/revisions"}],"predecessor-version":[{"id":618,"href":"https:\/\/jornadasebprioicprj.com.br\/2021\/wp-json\/wp\/v2\/pages\/23\/revisions\/618"}],"wp:attachment":[{"href":"https:\/\/jornadasebprioicprj.com.br\/2021\/wp-json\/wp\/v2\/media?parent=23"}],"curies":[{"name":"wp","href":"https:\/\/api.w.org\/{rel}","templated":true}]}}