{"id":19,"date":"2021-07-11T08:54:17","date_gmt":"2021-07-11T11:54:17","guid":{"rendered":"http:\/\/jornadasebprioicprj.com.br\/2021\/?page_id=19"},"modified":"2021-09-17T10:26:36","modified_gmt":"2021-09-17T13:26:36","slug":"inscricoes","status":"publish","type":"page","link":"https:\/\/jornadasebprioicprj.com.br\/2021\/inscricoes\/","title":{"rendered":"Inscri\u00e7\u00f5es"},"content":{"rendered":"[vc_row row_type=&#8221;main-section&#8221; wr_background_img=&#8221;40&#8243;][vc_column][vc_single_image image=&#8221;613&#8243; img_size=&#8221;full&#8221; alignment=&#8221;right&#8221;][\/vc_column][\/vc_row][vc_row][vc_column][vc_empty_space height=&#8221;50px&#8221;][vc_column_text]\n<h1><span style=\"font-family: american-type;\">INSCRI\u00c7\u00d5ES<\/span><\/h1>\n<p>&nbsp;<\/p>\n[\/vc_column_text][vc_empty_space][vc_column_text]<span style=\"font-size: 18pt; font-family: american-type;\">Membros da EBP\/AMP, profissionais em geral, correspondentes e aderentes da Se\u00e7\u00e3o Rio<\/span><\/p>\n<p>Membros da EBP\/AMP, profissionais em geral, correspondentes e aderentes da Se\u00e7\u00e3o Rio podem se inscrever clicando em <span style=\"font-size: 14pt;\"><strong><span style=\"font-family: 'Book Antiqua', Palatino;\"><a href=\"https:\/\/www.sympla.com.br\/nomes-da-vida-marcas-da-pandemia---xxviii-jornadas-da-ebp-rio-e-icp-rj__1309404\"><span style=\"font-size: 12pt;\">https:\/\/www.sympla.com.br\/nomes-da-vida-marcas-da-pandemia&#8212;xxviii-jornadas-da-ebp-rio-e-icp-rj__1309404<\/span><\/a><\/span><\/strong><\/span><\/p>\n<p>&nbsp;<\/p>\n<p><span style=\"font-family: american-type; font-size: 18pt;\">Alunos do ICP-RJ, estudantes de gradua\u00e7\u00e3o e p\u00f3s-gradua\u00e7\u00e3o<\/span><\/p>\n<p>Alunos do ICP-RJ, estudantes de gradua\u00e7\u00e3o e p\u00f3s-gradua\u00e7\u00e3o devem enviar um comprovante de sua situa\u00e7\u00e3o para <span style=\"font-family: 'Book Antiqua', Palatino; font-size: 12pt;\"><strong>estudantejornadasebprioicprj@gmail.com<\/strong><\/span>, solicitando a inscri\u00e7\u00e3o nas Jornadas com desconto e aguardar at\u00e9 2 dias \u00fateis ap\u00f3s o envio do comprovante para receber um e-mail com um link espec\u00edfico para prosseguir com este tipo de inscri\u00e7\u00e3o.<\/p>\n<p>As vagas s\u00e3o limitadas!<\/p>\n<p>Em caso de d\u00favidas, escrever para: <a href=\"mailto:infrajornadasebprioicprj@gmail.com\"><strong><span style=\"font-family: 'Book Antiqua', Palatino; font-size: 12pt;\">infrajornadasebprioicprj@gmail.com<\/span><\/strong><\/a><\/p>\n<p>&nbsp;<\/p>\n<p><span style=\"font-family: american-type; font-size: 18pt;\">Cursos do ICP-RJ<\/span><\/p>\n<p>Ao fazer sua inscri\u00e7\u00e3o voc\u00ea pode escolher um curso do ICP-RJ. Veja <span style=\"font-family: 'Book Antiqua', Palatino; font-size: 12pt; color: #000000;\"><strong><a style=\"color: #000000;\" href=\"https:\/\/jornadasebprioicprj.com.br\/2021\/cursos-do-icp\/\">aqui<\/a><\/strong><\/span> as ementas dos cursos.<\/p>\n<p>&nbsp;<\/p>\n<p><span style=\"font-family: american-type; font-size: 18pt;\">Valores<\/span>[\/vc_column_text][vc_empty_space][vc_raw_html]JTNDdGFibGUlMjBib3JkZXIlM0QlMjIwJTIyJTIwY2VsbHNwYWNpbmclM0QlMjIzJTIyJTIwY2VsbHBhZGRpbmclM0QlMjIzJTIyJTIwd2lkdGglM0QlMjI1ODAlMjIlM0UlMEElMjAlMjAlM0N0ciUzRSUwQSUyMCUyMCUyMCUyMCUzQ3RkJTIwd2lkdGglM0QlMjIxOTMlMjIlMjBiZ2NvbG9yJTNEJTIyJTIzRTdFN0U3JTIyJTNFJTNDcCUzRSUzQ3N0cm9uZyUzRUNhdGVnb3JpYSUzQyUyRnN0cm9uZyUzRSUzQyUyRnAlM0UlM0MlMkZ0ZCUzRSUwQSUyMCUyMCUyMCUyMCUzQ3RkJTIwd2lkdGglM0QlMjIxOTMlMjIlMjBiZ2NvbG9yJTNEJTIyJTIzRTdFN0U3JTIyJTNFJTNDcCUzRSUzQ3N0cm9uZyUzRTElQzIlQkElMjBsb3RlJTIwJTI4YXQlQzMlQTklMjAlMjAlMjAxMCUyRjEwJTIwb3UlMjBhdCVDMyVBOSUyMHNlJTIwZXNnb3RhciUyMG8lMjBwcmltZWlybyUyMGxvdGUlMjklM0MlMkZzdHJvbmclM0UlM0MlMkZwJTNFJTNDJTJGdGQlM0UlMEElMjAlMjAlMjAlMjAlM0N0ZCUyMHdpZHRoJTNEJTIyMTkzJTIyJTIwYmdjb2xvciUzRCUyMiUyM0U3RTdFNyUyMiUzRSUzQ3AlM0UlM0NzdHJvbmclM0UyJUMyJUJBJTIwbG90ZSUzQyUyRnN0cm9uZyUzRSUzQyUyRnAlM0UlM0MlMkZ0ZCUzRSUwQSUyMCUyMCUzQyUyRnRyJTNFJTBBJTIwJTIwJTNDdHIlM0UlMEElMjAlMjAlMjAlMjAlM0N0ZCUyMHdpZHRoJTNEJTIyMTkzJTIyJTIwYmdjb2xvciUzRCUyMiUyM0YxRjFGMSUyMiUzRSUzQ3AlM0VNZW1icm9zJTIwZGElMjBFQlAlMkZBTVAlM0MlMkZwJTNFJTNDJTJGdGQlM0UlMEElMjAlMjAlMjAlMjAlM0N0ZCUyMHdpZHRoJTNEJTIyMTkzJTIyJTIwYmdjb2xvciUzRCUyMiUyM0YxRjFGMSUyMiUzRSUzQ3AlMjBhbGlnbiUzRCUyMmNlbnRlciUyMiUzRTE4MCUyQzAwJTNDJTJGcCUzRSUzQyUyRnRkJTNFJTBBJTIwJTIwJTIwJTIwJTNDdGQlMjB3aWR0aCUzRCUyMjE5MyUyMiUyMGJnY29sb3IlM0QlMjIlMjNGMUYxRjElMjIlM0UlM0NwJTIwYWxpZ24lM0QlMjJjZW50ZXIlMjIlM0UxODAlMkMwMCUzQyUyRnAlM0UlM0MlMkZ0ZCUzRSUwQSUyMCUyMCUzQyUyRnRyJTNFJTBBJTIwJTIwJTNDdHIlM0UlMEElMjAlMjAlMjAlMjAlM0N0ZCUyMHdpZHRoJTNEJTIyMTkzJTIyJTIwYmdjb2xvciUzRCUyMiUyM0U3RTdFNyUyMiUzRSUzQ3AlM0VBbHVub3MlMjBkbyUyMElDUC1SSiUyQyUyMCUyMCUyMGVzdHVkYW50ZXMlMjBkZSUyMGdyYWR1YSVDMyVBNyVDMyVBM28lMjBlJTIwcCVDMyVCM3MtZ3JhZHVhJUMzJUE3JUMzJUEzbyUzQyUyRnAlM0UlM0MlMkZ0ZCUzRSUwQSUyMCUyMCUyMCUyMCUzQ3RkJTIwd2lkdGglM0QlMjIxOTMlMjIlMjBiZ2NvbG9yJTNEJTIyJTIzRTdFN0U3JTIyJTNFJTNDcCUyMGFsaWduJTNEJTIyY2VudGVyJTIyJTNFNTAlMkMwMCUzQyUyRnAlM0UlM0MlMkZ0ZCUzRSUwQSUyMCUyMCUyMCUyMCUzQ3RkJTIwd2lkdGglM0QlMjIxOTMlMjIlMjBiZ2NvbG9yJTNEJTIyJTIzRTdFN0U3JTIyJTNFJTNDcCUyMGFsaWduJTNEJTIyY2VudGVyJTIyJTNFNTAlMkMwMCUzQyUyRnAlM0UlM0MlMkZ0ZCUzRSUwQSUyMCUyMCUzQyUyRnRyJTNFJTBBJTIwJTIwJTNDdHIlM0UlMEElMjAlMjAlMjAlMjAlM0N0ZCUyMHdpZHRoJTNEJTIyMTkzJTIyJTIwYmdjb2xvciUzRCUyMiUyM0YxRjFGMSUyMiUzRSUzQ3AlM0VQcm9maXNzaW9uYWlzJTIwZW0lMjBnZXJhbCUyQyUyMGNvcnJlc3BvbmRlbnRlcyUyMGUlMjBhZGVyZW50ZXMlMjBkYSUyMFNlJUMzJUE3JUMzJUEzbyUyMFJpbyUzQyUyRnAlM0UlM0MlMkZ0ZCUzRSUwQSUyMCUyMCUyMCUyMCUzQ3RkJTIwd2lkdGglM0QlMjIxOTMlMjIlMjBiZ2NvbG9yJTNEJTIyJTIzRjFGMUYxJTIyJTNFJTNDcCUyMGFsaWduJTNEJTIyY2VudGVyJTIyJTNFMTAwJTJDMDAlM0MlMkZwJTNFJTNDJTJGdGQlM0UlMEElMjAlMjAlMjAlMjAlM0N0ZCUyMHdpZHRoJTNEJTIyMTkzJTIyJTIwYmdjb2xvciUzRCUyMiUyM0YxRjFGMSUyMiUzRSUzQ3AlMjBhbGlnbiUzRCUyMmNlbnRlciUyMiUzRTE1MCUyQzAwJTNDJTJGcCUzRSUzQyUyRnRkJTNFJTBBJTIwJTIwJTNDJTJGdHIlM0UlMEElM0MlMkZ0YWJsZSUzRQ==[\/vc_raw_html][vc_empty_space][\/vc_column][\/vc_row][vc_row][vc_column][vc_column_text]\n[\/vc_column_text][\/vc_column][\/vc_row][vc_row][vc_column][vc_column_text]\n<p>&nbsp;<\/p>\n[\/vc_column_text][\/vc_column][\/vc_row]\n","protected":false},"excerpt":{"rendered":"<p>[vc_row row_type=&#8221;main-section&#8221; wr_background_img=&#8221;40&#8243;][vc_column][vc_single_image image=&#8221;613&#8243; img_size=&#8221;full&#8221; alignment=&#8221;right&#8221;][\/vc_column][\/vc_row][vc_row][vc_column][vc_empty_space height=&#8221;50px&#8221;][vc_column_text] INSCRI\u00c7\u00d5ES &nbsp; [\/vc_column_text][vc_empty_space][vc_column_text]Membros da EBP\/AMP, profissionais em geral, correspondentes e aderentes da Se\u00e7\u00e3o Rio Membros da EBP\/AMP, profissionais em geral, correspondentes e aderentes da Se\u00e7\u00e3o Rio podem se inscrever clicando em https:\/\/www.sympla.com.br\/nomes-da-vida-marcas-da-pandemia&#8212;xxviii-jornadas-da-ebp-rio-e-icp-rj__1309404 &nbsp; Alunos do ICP-RJ, estudantes de gradua\u00e7\u00e3o e p\u00f3s-gradua\u00e7\u00e3o Alunos do ICP-RJ, estudantes de gradua\u00e7\u00e3o e [&hellip;]<\/p>\n","protected":false},"author":1,"featured_media":0,"parent":0,"menu_order":0,"comment_status":"closed","ping_status":"closed","template":"","meta":{"footnotes":""},"class_list":["post-19","page","type-page","status-publish","hentry"],"yoast_head":"<!-- This site is optimized with the Yoast SEO plugin v27.5 - https:\/\/yoast.com\/product\/yoast-seo-wordpress\/ -->\n<title>Inscri\u00e7\u00f5es - Jornadas EBP RIO e ICPRJ<\/title>\n<meta name=\"robots\" content=\"index, follow, max-snippet:-1, max-image-preview:large, max-video-preview:-1\" \/>\n<link rel=\"canonical\" href=\"https:\/\/jornadasebprioicprj.com.br\/2021\/inscricoes\/\" \/>\n<meta property=\"og:locale\" content=\"pt_BR\" \/>\n<meta property=\"og:type\" content=\"article\" \/>\n<meta property=\"og:title\" content=\"Inscri\u00e7\u00f5es - Jornadas EBP RIO e ICPRJ\" \/>\n<meta property=\"og:description\" content=\"[vc_row row_type=&#8221;main-section&#8221; wr_background_img=&#8221;40&#8243;][vc_column][vc_single_image image=&#8221;613&#8243; img_size=&#8221;full&#8221; alignment=&#8221;right&#8221;][\/vc_column][\/vc_row][vc_row][vc_column][vc_empty_space height=&#8221;50px&#8221;][vc_column_text] INSCRI\u00c7\u00d5ES &nbsp; [\/vc_column_text][vc_empty_space][vc_column_text]Membros da EBP\/AMP, profissionais em geral, correspondentes e aderentes da Se\u00e7\u00e3o Rio Membros da EBP\/AMP, profissionais em geral, correspondentes e aderentes da Se\u00e7\u00e3o Rio podem se inscrever clicando em https:\/\/www.sympla.com.br\/nomes-da-vida-marcas-da-pandemia&#8212;xxviii-jornadas-da-ebp-rio-e-icp-rj__1309404 &nbsp; Alunos do ICP-RJ, estudantes de gradua\u00e7\u00e3o e p\u00f3s-gradua\u00e7\u00e3o Alunos do ICP-RJ, estudantes de gradua\u00e7\u00e3o e [&hellip;]\" \/>\n<meta property=\"og:url\" content=\"https:\/\/jornadasebprioicprj.com.br\/2021\/inscricoes\/\" \/>\n<meta property=\"og:site_name\" content=\"Jornadas EBP RIO e ICPRJ\" \/>\n<meta property=\"article:modified_time\" content=\"2021-09-17T13:26:36+00:00\" \/>\n<meta name=\"twitter:card\" content=\"summary_large_image\" \/>\n<meta name=\"twitter:label1\" content=\"Est. tempo de leitura\" \/>\n\t<meta name=\"twitter:data1\" content=\"1 minuto\" \/>\n<script type=\"application\/ld+json\" class=\"yoast-schema-graph\">{\"@context\":\"https:\\\/\\\/schema.org\",\"@graph\":[{\"@type\":\"WebPage\",\"@id\":\"https:\\\/\\\/jornadasebprioicprj.com.br\\\/2021\\\/inscricoes\\\/\",\"url\":\"https:\\\/\\\/jornadasebprioicprj.com.br\\\/2021\\\/inscricoes\\\/\",\"name\":\"Inscri\u00e7\u00f5es - Jornadas EBP RIO e ICPRJ\",\"isPartOf\":{\"@id\":\"https:\\\/\\\/jornadasebprioicprj.com.br\\\/2021\\\/#website\"},\"datePublished\":\"2021-07-11T11:54:17+00:00\",\"dateModified\":\"2021-09-17T13:26:36+00:00\",\"breadcrumb\":{\"@id\":\"https:\\\/\\\/jornadasebprioicprj.com.br\\\/2021\\\/inscricoes\\\/#breadcrumb\"},\"inLanguage\":\"pt-BR\",\"potentialAction\":[{\"@type\":\"ReadAction\",\"target\":[\"https:\\\/\\\/jornadasebprioicprj.com.br\\\/2021\\\/inscricoes\\\/\"]}]},{\"@type\":\"BreadcrumbList\",\"@id\":\"https:\\\/\\\/jornadasebprioicprj.com.br\\\/2021\\\/inscricoes\\\/#breadcrumb\",\"itemListElement\":[{\"@type\":\"ListItem\",\"position\":1,\"name\":\"In\u00edcio\",\"item\":\"https:\\\/\\\/jornadasebprioicprj.com.br\\\/2021\\\/\"},{\"@type\":\"ListItem\",\"position\":2,\"name\":\"Inscri\u00e7\u00f5es\"}]},{\"@type\":\"WebSite\",\"@id\":\"https:\\\/\\\/jornadasebprioicprj.com.br\\\/2021\\\/#website\",\"url\":\"https:\\\/\\\/jornadasebprioicprj.com.br\\\/2021\\\/\",\"name\":\"Jornadas EBP RIO e ICPRJ\",\"description\":\"Escola Brasileira de Psican\u00e1lise\",\"potentialAction\":[{\"@type\":\"SearchAction\",\"target\":{\"@type\":\"EntryPoint\",\"urlTemplate\":\"https:\\\/\\\/jornadasebprioicprj.com.br\\\/2021\\\/?s={search_term_string}\"},\"query-input\":{\"@type\":\"PropertyValueSpecification\",\"valueRequired\":true,\"valueName\":\"search_term_string\"}}],\"inLanguage\":\"pt-BR\"}]}<\/script>\n<!-- \/ Yoast SEO plugin. -->","yoast_head_json":{"title":"Inscri\u00e7\u00f5es - Jornadas EBP RIO e ICPRJ","robots":{"index":"index","follow":"follow","max-snippet":"max-snippet:-1","max-image-preview":"max-image-preview:large","max-video-preview":"max-video-preview:-1"},"canonical":"https:\/\/jornadasebprioicprj.com.br\/2021\/inscricoes\/","og_locale":"pt_BR","og_type":"article","og_title":"Inscri\u00e7\u00f5es - Jornadas EBP RIO e ICPRJ","og_description":"[vc_row row_type=&#8221;main-section&#8221; wr_background_img=&#8221;40&#8243;][vc_column][vc_single_image image=&#8221;613&#8243; img_size=&#8221;full&#8221; alignment=&#8221;right&#8221;][\/vc_column][\/vc_row][vc_row][vc_column][vc_empty_space height=&#8221;50px&#8221;][vc_column_text] INSCRI\u00c7\u00d5ES &nbsp; [\/vc_column_text][vc_empty_space][vc_column_text]Membros da EBP\/AMP, profissionais em geral, correspondentes e aderentes da Se\u00e7\u00e3o Rio Membros da EBP\/AMP, profissionais em geral, correspondentes e aderentes da Se\u00e7\u00e3o Rio podem se inscrever clicando em https:\/\/www.sympla.com.br\/nomes-da-vida-marcas-da-pandemia&#8212;xxviii-jornadas-da-ebp-rio-e-icp-rj__1309404 &nbsp; Alunos do ICP-RJ, estudantes de gradua\u00e7\u00e3o e p\u00f3s-gradua\u00e7\u00e3o Alunos do ICP-RJ, estudantes de gradua\u00e7\u00e3o e [&hellip;]","og_url":"https:\/\/jornadasebprioicprj.com.br\/2021\/inscricoes\/","og_site_name":"Jornadas EBP RIO e ICPRJ","article_modified_time":"2021-09-17T13:26:36+00:00","twitter_card":"summary_large_image","twitter_misc":{"Est. tempo de leitura":"1 minuto"},"schema":{"@context":"https:\/\/schema.org","@graph":[{"@type":"WebPage","@id":"https:\/\/jornadasebprioicprj.com.br\/2021\/inscricoes\/","url":"https:\/\/jornadasebprioicprj.com.br\/2021\/inscricoes\/","name":"Inscri\u00e7\u00f5es - Jornadas EBP RIO e ICPRJ","isPartOf":{"@id":"https:\/\/jornadasebprioicprj.com.br\/2021\/#website"},"datePublished":"2021-07-11T11:54:17+00:00","dateModified":"2021-09-17T13:26:36+00:00","breadcrumb":{"@id":"https:\/\/jornadasebprioicprj.com.br\/2021\/inscricoes\/#breadcrumb"},"inLanguage":"pt-BR","potentialAction":[{"@type":"ReadAction","target":["https:\/\/jornadasebprioicprj.com.br\/2021\/inscricoes\/"]}]},{"@type":"BreadcrumbList","@id":"https:\/\/jornadasebprioicprj.com.br\/2021\/inscricoes\/#breadcrumb","itemListElement":[{"@type":"ListItem","position":1,"name":"In\u00edcio","item":"https:\/\/jornadasebprioicprj.com.br\/2021\/"},{"@type":"ListItem","position":2,"name":"Inscri\u00e7\u00f5es"}]},{"@type":"WebSite","@id":"https:\/\/jornadasebprioicprj.com.br\/2021\/#website","url":"https:\/\/jornadasebprioicprj.com.br\/2021\/","name":"Jornadas EBP RIO e ICPRJ","description":"Escola Brasileira de Psican\u00e1lise","potentialAction":[{"@type":"SearchAction","target":{"@type":"EntryPoint","urlTemplate":"https:\/\/jornadasebprioicprj.com.br\/2021\/?s={search_term_string}"},"query-input":{"@type":"PropertyValueSpecification","valueRequired":true,"valueName":"search_term_string"}}],"inLanguage":"pt-BR"}]}},"_links":{"self":[{"href":"https:\/\/jornadasebprioicprj.com.br\/2021\/wp-json\/wp\/v2\/pages\/19","targetHints":{"allow":["GET"]}}],"collection":[{"href":"https:\/\/jornadasebprioicprj.com.br\/2021\/wp-json\/wp\/v2\/pages"}],"about":[{"href":"https:\/\/jornadasebprioicprj.com.br\/2021\/wp-json\/wp\/v2\/types\/page"}],"author":[{"embeddable":true,"href":"https:\/\/jornadasebprioicprj.com.br\/2021\/wp-json\/wp\/v2\/users\/1"}],"replies":[{"embeddable":true,"href":"https:\/\/jornadasebprioicprj.com.br\/2021\/wp-json\/wp\/v2\/comments?post=19"}],"version-history":[{"count":24,"href":"https:\/\/jornadasebprioicprj.com.br\/2021\/wp-json\/wp\/v2\/pages\/19\/revisions"}],"predecessor-version":[{"id":687,"href":"https:\/\/jornadasebprioicprj.com.br\/2021\/wp-json\/wp\/v2\/pages\/19\/revisions\/687"}],"wp:attachment":[{"href":"https:\/\/jornadasebprioicprj.com.br\/2021\/wp-json\/wp\/v2\/media?parent=19"}],"curies":[{"name":"wp","href":"https:\/\/api.w.org\/{rel}","templated":true}]}}