{"version":"1.0","provider_name":"Jornadas EBP RIO e ICPRJ","provider_url":"https:\/\/jornadasebprioicprj.com.br\/2021","author_name":"jornadas","author_url":"https:\/\/jornadasebprioicprj.com.br\/2021\/author\/jornadas\/","title":"Por uma transi\u00e7\u00e3o lingu\u00edstica - Jornadas EBP RIO e ICPRJ","type":"rich","width":600,"height":338,"html":"<blockquote class=\"wp-embedded-content\" data-secret=\"Gbpm79df9A\"><a href=\"https:\/\/jornadasebprioicprj.com.br\/2021\/por-uma-transicao-linguistica\/\">Por uma transi\u00e7\u00e3o lingu\u00edstica<\/a><\/blockquote><iframe sandbox=\"allow-scripts\" security=\"restricted\" src=\"https:\/\/jornadasebprioicprj.com.br\/2021\/por-uma-transicao-linguistica\/embed\/#?secret=Gbpm79df9A\" width=\"600\" height=\"338\" title=\"&#8220;Por uma transi\u00e7\u00e3o lingu\u00edstica&#8221; &#8212; Jornadas EBP RIO e ICPRJ\" data-secret=\"Gbpm79df9A\" frameborder=\"0\" marginwidth=\"0\" marginheight=\"0\" scrolling=\"no\" class=\"wp-embedded-content\"><\/iframe><script type=\"text\/javascript\">\n\/* <![CDATA[ *\/\n\/*! This file is auto-generated *\/\n!function(d,l){\"use strict\";l.querySelector&&d.addEventListener&&\"undefined\"!=typeof URL&&(d.wp=d.wp||{},d.wp.receiveEmbedMessage||(d.wp.receiveEmbedMessage=function(e){var t=e.data;if((t||t.secret||t.message||t.value)&&!\/[^a-zA-Z0-9]\/.test(t.secret)){for(var s,r,n,a=l.querySelectorAll('iframe[data-secret=\"'+t.secret+'\"]'),o=l.querySelectorAll('blockquote[data-secret=\"'+t.secret+'\"]'),c=new RegExp(\"^https?:$\",\"i\"),i=0;i<o.length;i++)o[i].style.display=\"none\";for(i=0;i<a.length;i++)s=a[i],e.source===s.contentWindow&&(s.removeAttribute(\"style\"),\"height\"===t.message?(1e3<(r=parseInt(t.value,10))?r=1e3:~~r<200&&(r=200),s.height=r):\"link\"===t.message&&(r=new URL(s.getAttribute(\"src\")),n=new URL(t.value),c.test(n.protocol))&&n.host===r.host&&l.activeElement===s&&(d.top.location.href=t.value))}},d.addEventListener(\"message\",d.wp.receiveEmbedMessage,!1),l.addEventListener(\"DOMContentLoaded\",function(){for(var e,t,s=l.querySelectorAll(\"iframe.wp-embedded-content\"),r=0;r<s.length;r++)(t=(e=s[r]).getAttribute(\"data-secret\"))||(t=Math.random().toString(36).substring(2,12),e.src+=\"#?secret=\"+t,e.setAttribute(\"data-secret\",t)),e.contentWindow.postMessage({message:\"ready\",secret:t},\"*\")},!1)))}(window,document);\n\/\/# sourceURL=https:\/\/jornadasebprioicprj.com.br\/2021\/wp-includes\/js\/wp-embed.min.js\n\/* ]]> *\/\n<\/script>\n","description":"Por Renata Estrella No dia 18 de setembro, tivemos o prazer de receber Fabi\u00e1n Fajnwaks na 1\u00aa preparat\u00f3ria das nossas XXVIII Jornadas Cl\u00ednicas, Os nomes da vida, marcas da pandemia. J\u00e1 tendo anos de trabalho na sustenta\u00e7\u00e3o do ensino de Lacan e da orienta\u00e7\u00e3o lacaniana tamb\u00e9m em di\u00e1logo com os Estudos de g\u00eanero, Fabi\u00e1n foi [&hellip;]"}